{"id":77,"date":"2024-05-02T21:17:16","date_gmt":"2024-05-02T21:17:16","guid":{"rendered":"https:\/\/monthlydignity.org\/?page_id=77"},"modified":"2026-04-08T09:26:36","modified_gmt":"2026-04-08T13:26:36","slug":"about","status":"publish","type":"page","link":"https:\/\/monthlydignity.org\/fr\/about\/","title":{"rendered":"\u00c0 propos"},"content":{"rendered":"<div data-elementor-type=\"wp-page\" data-elementor-id=\"77\" class=\"elementor elementor-77\" data-elementor-post-type=\"page\">\n\t\t\t\t<div class=\"elementor-element elementor-element-0377f43 container-spacing e-flex e-con-boxed e-con e-parent\" data-id=\"0377f43\" data-element_type=\"container\" data-e-type=\"container\">\n\t\t\t\t\t<div class=\"e-con-inner\">\n\t\t<div class=\"elementor-element elementor-element-030dd10 e-con-full e-flex e-con e-child\" data-id=\"030dd10\" data-element_type=\"container\" data-e-type=\"container\">\n\t\t\t\t<div class=\"elementor-element elementor-element-ee7e918 elementor-widget elementor-widget-heading\" data-id=\"ee7e918\" data-element_type=\"widget\" data-e-type=\"widget\" data-widget_type=\"heading.default\">\n\t\t\t\t<div class=\"elementor-widget-container\">\n\t\t\t\t\t<h2 class=\"elementor-heading-title elementor-size-default\">Notre mission<\/h2>\t\t\t\t<\/div>\n\t\t\t\t<\/div>\n\t\t\t\t<div class=\"elementor-element elementor-element-dac4647 elementor-widget elementor-widget-text-editor\" data-id=\"dac4647\" data-element_type=\"widget\" data-e-type=\"widget\" data-widget_type=\"text-editor.default\">\n\t\t\t\t<div class=\"elementor-widget-container\">\n\t\t\t\t\t\t\t\t\t<p><span style=\"font-weight: 400;\">Dignit\u00e9 mensuelle fait avancer la justice menstruelle et lutte contre la pr\u00e9carit\u00e9 menstruelle en assurant l'acc\u00e8s aux produits de sant\u00e9 menstruelle et \u00e0 l'\u00e9ducation. Nous plaidons pour un changement syst\u00e9mique et durable tout en faisant entendre les voix et les besoins des diverses communaut\u00e9s que nous desservons.<\/span><\/p><p><span style=\"font-weight: 400;\">\u00a0<\/span><\/p>\t\t\t\t\t\t\t\t<\/div>\n\t\t\t\t<\/div>\n\t\t\t\t<\/div>\n\t\t<div class=\"elementor-element elementor-element-d034a1a e-con-full e-flex e-con e-child\" data-id=\"d034a1a\" data-element_type=\"container\" data-e-type=\"container\">\n\t\t\t\t<div class=\"elementor-element elementor-element-4a46195 elementor-widget elementor-widget-image\" data-id=\"4a46195\" data-element_type=\"widget\" data-e-type=\"widget\" data-widget_type=\"image.default\">\n\t\t\t\t<div class=\"elementor-widget-container\">\n\t\t\t\t\t\t\t\t\t\t\t\t\t\t\t<img fetchpriority=\"high\" decoding=\"async\" width=\"800\" height=\"490\" src=\"https:\/\/monthlydignity.org\/wp-content\/uploads\/2025\/10\/Monthly-Dignity-Team-2025-1024x627.jpg\" class=\"attachment-large size-large wp-image-2064\" alt=\"\" srcset=\"https:\/\/monthlydignity.org\/wp-content\/uploads\/2025\/10\/Monthly-Dignity-Team-2025-1024x627.jpg 1024w, https:\/\/monthlydignity.org\/wp-content\/uploads\/2025\/10\/Monthly-Dignity-Team-2025-300x184.jpg 300w, https:\/\/monthlydignity.org\/wp-content\/uploads\/2025\/10\/Monthly-Dignity-Team-2025-768x471.jpg 768w, https:\/\/monthlydignity.org\/wp-content\/uploads\/2025\/10\/Monthly-Dignity-Team-2025-1536x941.jpg 1536w, https:\/\/monthlydignity.org\/wp-content\/uploads\/2025\/10\/Monthly-Dignity-Team-2025-2048x1255.jpg 2048w, https:\/\/monthlydignity.org\/wp-content\/uploads\/2025\/10\/Monthly-Dignity-Team-2025-18x12.jpg 18w\" sizes=\"(max-width: 800px) 100vw, 800px\" \/>\t\t\t\t\t\t\t\t\t\t\t\t\t\t\t<\/div>\n\t\t\t\t<\/div>\n\t\t\t\t<\/div>\n\t\t\t\t\t<\/div>\n\t\t\t\t<\/div>\n\t\t<div class=\"elementor-element elementor-element-f2a23f3 e-flex e-con-boxed e-con e-parent\" data-id=\"f2a23f3\" data-element_type=\"container\" data-e-type=\"container\" data-settings=\"{&quot;background_background&quot;:&quot;classic&quot;}\">\n\t\t\t\t\t<div class=\"e-con-inner\">\n\t\t\t\t<div class=\"elementor-element elementor-element-9c0ec45 elementor-widget elementor-widget-heading\" data-id=\"9c0ec45\" data-element_type=\"widget\" data-e-type=\"widget\" data-widget_type=\"heading.default\">\n\t\t\t\t<div class=\"elementor-widget-container\">\n\t\t\t\t\t<h2 class=\"elementor-heading-title elementor-size-default\">Nous r\u00eavons d'un avenir o\u00f9 personne ne serait frein\u00e9 par ses r\u00e8gles.<\/h2>\t\t\t\t<\/div>\n\t\t\t\t<\/div>\n\t\t\t\t\t<\/div>\n\t\t\t\t<\/div>\n\t\t<div class=\"elementor-element elementor-element-0d92e20 container-spacing e-flex e-con-boxed e-con e-parent\" data-id=\"0d92e20\" data-element_type=\"container\" data-e-type=\"container\" data-settings=\"{&quot;background_background&quot;:&quot;classic&quot;}\">\n\t\t\t\t\t<div class=\"e-con-inner\">\n\t\t<div class=\"elementor-element elementor-element-f4ecb7a e-con-full e-flex e-con e-child\" data-id=\"f4ecb7a\" data-element_type=\"container\" data-e-type=\"container\">\n\t\t\t\t<div class=\"elementor-element elementor-element-a1f3c17 elementor-widget elementor-widget-heading\" data-id=\"a1f3c17\" data-element_type=\"widget\" data-e-type=\"widget\" data-widget_type=\"heading.default\">\n\t\t\t\t<div class=\"elementor-widget-container\">\n\t\t\t\t\t<h2 class=\"elementor-heading-title elementor-size-default\">Nos valeurs<\/h2>\t\t\t\t<\/div>\n\t\t\t\t<\/div>\n\t\t\t\t<\/div>\n\t\t<div class=\"elementor-element elementor-element-5f461a6 e-con-full e-flex e-con e-child\" data-id=\"5f461a6\" data-element_type=\"container\" data-e-type=\"container\">\n\t\t<div class=\"elementor-element elementor-element-07dc221 e-con-full e-flex e-con e-child\" data-id=\"07dc221\" data-element_type=\"container\" data-e-type=\"container\">\n\t\t\t\t<div class=\"elementor-element elementor-element-796e60a elementor-widget elementor-widget-heading\" data-id=\"796e60a\" data-element_type=\"widget\" data-e-type=\"widget\" data-widget_type=\"heading.default\">\n\t\t\t\t<div class=\"elementor-widget-container\">\n\t\t\t\t\t<h2 class=\"elementor-heading-title elementor-size-default\">Communaut\u00e9<\/h2>\t\t\t\t<\/div>\n\t\t\t\t<\/div>\n\t\t\t\t<div class=\"elementor-element elementor-element-833eaf0 elementor-widget elementor-widget-text-editor\" data-id=\"833eaf0\" data-element_type=\"widget\" data-e-type=\"widget\" data-widget_type=\"text-editor.default\">\n\t\t\t\t<div class=\"elementor-widget-container\">\n\t\t\t\t\t\t\t\t\t<p><span style=\"font-weight: 400;\">Ancr\u00e9es dans les liens, nous restons pr\u00e9sentes, accessibles et responsables vis-\u00e0-vis de nos diverses communaut\u00e9s, en \u00e9tablissant des partenariats de confiance qui sont indispensables pour le changement. Nous collaborons avec d'autres mouvements, en tirant des le\u00e7ons des exp\u00e9riences v\u00e9cues et en cr\u00e9ant une solidarit\u00e9 pour d\u00e9manteler les syst\u00e8mes qui perp\u00e9tuent l'injustice menstruelle.<\/span><\/p>\t\t\t\t\t\t\t\t<\/div>\n\t\t\t\t<\/div>\n\t\t\t\t<\/div>\n\t\t<div class=\"elementor-element elementor-element-6bd0411 e-con-full e-flex e-con e-child\" data-id=\"6bd0411\" data-element_type=\"container\" data-e-type=\"container\">\n\t\t\t\t<div class=\"elementor-element elementor-element-579b5aa elementor-widget elementor-widget-heading\" data-id=\"579b5aa\" data-element_type=\"widget\" data-e-type=\"widget\" data-widget_type=\"heading.default\">\n\t\t\t\t<div class=\"elementor-widget-container\">\n\t\t\t\t\t<h2 class=\"elementor-heading-title elementor-size-default\">Appartenance<\/h2>\t\t\t\t<\/div>\n\t\t\t\t<\/div>\n\t\t\t\t<div class=\"elementor-element elementor-element-b4b1806 elementor-widget elementor-widget-text-editor\" data-id=\"b4b1806\" data-element_type=\"widget\" data-e-type=\"widget\" data-widget_type=\"text-editor.default\">\n\t\t\t\t<div class=\"elementor-widget-container\">\n\t\t\t\t\t\t\t\t\t<p><span style=\"font-weight: 400;\">Nous abordons les barri\u00e8res syst\u00e9miques en mettant l'accent sur les communaut\u00e9s historiquement marginalis\u00e9es. En nous appuyant sur une approche intersectionnelle, nous cr\u00e9ons un espace pour que les personnes les plus touch\u00e9es puissent diriger, en veillant \u00e0 ce que l'exp\u00e9rience v\u00e9cue guide notre poursuite de l'\u00e9quit\u00e9, de l'appartenance et du changement transformateur.<\/span><\/p>\t\t\t\t\t\t\t\t<\/div>\n\t\t\t\t<\/div>\n\t\t\t\t<\/div>\n\t\t<div class=\"elementor-element elementor-element-87a1e17 e-con-full e-flex e-con e-child\" data-id=\"87a1e17\" data-element_type=\"container\" data-e-type=\"container\">\n\t\t\t\t<div class=\"elementor-element elementor-element-82e5524 elementor-widget elementor-widget-heading\" data-id=\"82e5524\" data-element_type=\"widget\" data-e-type=\"widget\" data-widget_type=\"heading.default\">\n\t\t\t\t<div class=\"elementor-widget-container\">\n\t\t\t\t\t<h2 class=\"elementor-heading-title elementor-size-default\">R\u00e9activit\u00e9<\/h2>\t\t\t\t<\/div>\n\t\t\t\t<\/div>\n\t\t\t\t<div class=\"elementor-element elementor-element-33ffedd elementor-widget elementor-widget-text-editor\" data-id=\"33ffedd\" data-element_type=\"widget\" data-e-type=\"widget\" data-widget_type=\"text-editor.default\">\n\t\t\t\t<div class=\"elementor-widget-container\">\n\t\t\t\t\t\t\t\t\t<p><span style=\"font-weight: 400;\">Nous \u00e9coutons, apprenons et nous adaptons. En reconnaissant que les personnes que nous desservons sont expertes de leur propre corps et de leur propre vie, nous restons flexibles face \u00e0 l'\u00e9volution des besoins, nous agissons rapidement pour apporter notre soutien tout en construisant un changement durable fond\u00e9 sur le retour d'information et l'autonomie de la communaut\u00e9.<\/span><\/p>\t\t\t\t\t\t\t\t<\/div>\n\t\t\t\t<\/div>\n\t\t\t\t<\/div>\n\t\t<div class=\"elementor-element elementor-element-6b99f95 e-con-full e-flex e-con e-child\" data-id=\"6b99f95\" data-element_type=\"container\" data-e-type=\"container\">\n\t\t\t\t<div class=\"elementor-element elementor-element-956e4a4 elementor-widget elementor-widget-heading\" data-id=\"956e4a4\" data-element_type=\"widget\" data-e-type=\"widget\" data-widget_type=\"heading.default\">\n\t\t\t\t<div class=\"elementor-widget-container\">\n\t\t\t\t\t<h2 class=\"elementor-heading-title elementor-size-default\">Courage<\/h2>\t\t\t\t<\/div>\n\t\t\t\t<\/div>\n\t\t\t\t<div class=\"elementor-element elementor-element-5867aee elementor-widget elementor-widget-text-editor\" data-id=\"5867aee\" data-element_type=\"widget\" data-e-type=\"widget\" data-widget_type=\"text-editor.default\">\n\t\t\t\t<div class=\"elementor-widget-container\">\n\t\t\t\t\t\t\t\t\t<p><span style=\"font-weight: 400;\">Nous prenons des mesures audacieuses pour un changement syst\u00e9mique, m\u00eame lorsque c'est inconfortable. Nous remettons en question les structures de pouvoir par le biais d'un plaidoyer d\u00e9termin\u00e9, nous tirons parti de notre plateforme pour exiger un changement syst\u00e9mique, nous poursuivons des solutions innovantes et nous prenons des risques strat\u00e9giques qui font progresser la justice et l'\u00e9quit\u00e9 menstruelle.<\/span><\/p>\t\t\t\t\t\t\t\t<\/div>\n\t\t\t\t<\/div>\n\t\t\t\t<\/div>\n\t\t\t\t<\/div>\n\t\t\t\t\t<\/div>\n\t\t\t\t<\/div>\n\t\t<div class=\"elementor-element elementor-element-20ad16b container-spacing e-flex e-con-boxed e-con e-parent\" data-id=\"20ad16b\" data-element_type=\"container\" data-e-type=\"container\">\n\t\t\t\t\t<div class=\"e-con-inner\">\n\t\t<div class=\"elementor-element elementor-element-d69dde8 e-con-full e-flex e-con e-child\" data-id=\"d69dde8\" data-element_type=\"container\" data-e-type=\"container\">\n\t\t\t\t<div class=\"elementor-element elementor-element-d995375 elementor-widget elementor-widget-heading\" data-id=\"d995375\" data-element_type=\"widget\" data-e-type=\"widget\" data-widget_type=\"heading.default\">\n\t\t\t\t<div class=\"elementor-widget-container\">\n\t\t\t\t\t<h2 class=\"elementor-heading-title elementor-size-default\">\u00c9quipe<\/h2>\t\t\t\t<\/div>\n\t\t\t\t<\/div>\n\t\t\t\t<\/div>\n\t\t<div class=\"elementor-element elementor-element-14a45dc e-con-full e-flex e-con e-child\" data-id=\"14a45dc\" data-element_type=\"container\" data-e-type=\"container\">\n\t\t\t\t<div class=\"elementor-element elementor-element-86acce9 elementor-widget elementor-widget-image\" data-id=\"86acce9\" data-element_type=\"widget\" data-e-type=\"widget\" data-widget_type=\"image.default\">\n\t\t\t\t<div class=\"elementor-widget-container\">\n\t\t\t\t\t\t\t\t\t\t\t\t\t\t\t<img decoding=\"async\" width=\"800\" height=\"640\" src=\"https:\/\/monthlydignity.org\/wp-content\/uploads\/2025\/10\/Hayley-1024x819.jpg\" class=\"attachment-large size-large wp-image-2048\" alt=\"\" srcset=\"https:\/\/monthlydignity.org\/wp-content\/uploads\/2025\/10\/Hayley-1024x819.jpg 1024w, https:\/\/monthlydignity.org\/wp-content\/uploads\/2025\/10\/Hayley-300x240.jpg 300w, https:\/\/monthlydignity.org\/wp-content\/uploads\/2025\/10\/Hayley-768x614.jpg 768w, https:\/\/monthlydignity.org\/wp-content\/uploads\/2025\/10\/Hayley-1536x1228.jpg 1536w, https:\/\/monthlydignity.org\/wp-content\/uploads\/2025\/10\/Hayley-2048x1637.jpg 2048w, https:\/\/monthlydignity.org\/wp-content\/uploads\/2025\/10\/Hayley-15x12.jpg 15w\" sizes=\"(max-width: 800px) 100vw, 800px\" \/>\t\t\t\t\t\t\t\t\t\t\t\t\t\t\t<\/div>\n\t\t\t\t<\/div>\n\t\t\t\t<div class=\"elementor-element elementor-element-9aac7a1 elementor-widget elementor-widget-heading\" data-id=\"9aac7a1\" data-element_type=\"widget\" data-e-type=\"widget\" data-widget_type=\"heading.default\">\n\t\t\t\t<div class=\"elementor-widget-container\">\n\t\t\t\t\t<h2 class=\"elementor-heading-title elementor-size-default\">Hayley Newman-Petryshen (elle)<\/h2>\t\t\t\t<\/div>\n\t\t\t\t<\/div>\n\t\t\t\t<div class=\"elementor-element elementor-element-c330e2b elementor-widget elementor-widget-heading\" data-id=\"c330e2b\" data-element_type=\"widget\" data-e-type=\"widget\" data-widget_type=\"heading.default\">\n\t\t\t\t<div class=\"elementor-widget-container\">\n\t\t\t\t\t<h2 class=\"elementor-heading-title elementor-size-default\">Co directrice g\u00e9n\u00e9rale\n<\/h2>\t\t\t\t<\/div>\n\t\t\t\t<\/div>\n\t\t\t\t<div class=\"elementor-element elementor-element-329ba8e elementor-widget elementor-widget-text-editor\" data-id=\"329ba8e\" data-element_type=\"widget\" data-e-type=\"widget\" data-widget_type=\"text-editor.default\">\n\t\t\t\t<div class=\"elementor-widget-container\">\n\t\t\t\t\t\t\t\t\t<p>Hayley est une militante nationale pour l'\u00e9quit\u00e9 menstruelle. Elle d\u00e9fend la distribution gratuite de produits menstruels dans les \u00e9tablissements et m\u00e8ne des initiatives visant \u00e0 sensibiliser le public \u00e0 la pr\u00e9carit\u00e9 menstruelle au Canada. Boursi\u00e8re McCall MacBain, elle a obtenu une ma\u00eetrise en sciences politiques et d\u00e9veloppement international (2023) \u00e0 l'Universit\u00e9 McGill, avec une th\u00e8se portant sur le mouvement dynamique canadien pour l'\u00e9quit\u00e9 menstruelle. Hayley continue de contribuer activement \u00e0 des projets de recherche sur les programmes d'\u00e9quit\u00e9 menstruelle et le militantisme pour la justice reproductive.<\/p>\t\t\t\t\t\t\t\t<\/div>\n\t\t\t\t<\/div>\n\t\t\t\t<\/div>\n\t\t<div class=\"elementor-element elementor-element-8e4e0fa e-con-full e-flex e-con e-child\" data-id=\"8e4e0fa\" data-element_type=\"container\" data-e-type=\"container\">\n\t\t\t\t<div class=\"elementor-element elementor-element-cd9753d elementor-widget elementor-widget-image\" data-id=\"cd9753d\" data-element_type=\"widget\" data-e-type=\"widget\" data-widget_type=\"image.default\">\n\t\t\t\t<div class=\"elementor-widget-container\">\n\t\t\t\t\t\t\t\t\t\t\t\t\t\t\t<img decoding=\"async\" width=\"800\" height=\"640\" src=\"https:\/\/monthlydignity.org\/wp-content\/uploads\/2025\/10\/Clara-1024x819.jpg\" class=\"attachment-large size-large wp-image-2049\" alt=\"\" srcset=\"https:\/\/monthlydignity.org\/wp-content\/uploads\/2025\/10\/Clara-1024x819.jpg 1024w, https:\/\/monthlydignity.org\/wp-content\/uploads\/2025\/10\/Clara-300x240.jpg 300w, https:\/\/monthlydignity.org\/wp-content\/uploads\/2025\/10\/Clara-768x614.jpg 768w, https:\/\/monthlydignity.org\/wp-content\/uploads\/2025\/10\/Clara-1536x1228.jpg 1536w, https:\/\/monthlydignity.org\/wp-content\/uploads\/2025\/10\/Clara-2048x1637.jpg 2048w, https:\/\/monthlydignity.org\/wp-content\/uploads\/2025\/10\/Clara-15x12.jpg 15w\" sizes=\"(max-width: 800px) 100vw, 800px\" \/>\t\t\t\t\t\t\t\t\t\t\t\t\t\t\t<\/div>\n\t\t\t\t<\/div>\n\t\t\t\t<div class=\"elementor-element elementor-element-5fbbb23 elementor-widget elementor-widget-heading\" data-id=\"5fbbb23\" data-element_type=\"widget\" data-e-type=\"widget\" data-widget_type=\"heading.default\">\n\t\t\t\t<div class=\"elementor-widget-container\">\n\t\t\t\t\t<h2 class=\"elementor-heading-title elementor-size-default\">Clara Bolster-Foucault (elle)<\/h2>\t\t\t\t<\/div>\n\t\t\t\t<\/div>\n\t\t\t\t<div class=\"elementor-element elementor-element-951aae0 elementor-widget elementor-widget-heading\" data-id=\"951aae0\" data-element_type=\"widget\" data-e-type=\"widget\" data-widget_type=\"heading.default\">\n\t\t\t\t<div class=\"elementor-widget-container\">\n\t\t\t\t\t<h2 class=\"elementor-heading-title elementor-size-default\">Co directrice g\u00e9n\u00e9rale<\/h2>\t\t\t\t<\/div>\n\t\t\t\t<\/div>\n\t\t\t\t<div class=\"elementor-element elementor-element-5a03f52 elementor-widget elementor-widget-text-editor\" data-id=\"5a03f52\" data-element_type=\"widget\" data-e-type=\"widget\" data-widget_type=\"text-editor.default\">\n\t\t\t\t<div class=\"elementor-widget-container\">\n\t\t\t\t\t\t\t\t\t<p style=\"font-weight: 400;\">Clara est doctorante en \u00e9pid\u00e9miologie et chercheuse en \u00e9quit\u00e9 en sant\u00e9. Ses travaux portent sur la compr\u00e9hension des facteurs sociaux et structurels qui influencent les in\u00e9galit\u00e9s en sant\u00e9 et l'acc\u00e8s aux soins. S'appuyant sur son expertise en \u00e9valuation de programmes, en promotion des politiques et en mobilisation des connaissances, elle fait le lien entre la recherche, les politiques et les perspectives communautaires afin de contribuer \u00e0 la mise en place de syst\u00e8mes sociaux et de sant\u00e9 plus justes et plus efficaces. Son travail est guid\u00e9 par sa volont\u00e9 de traduire les donn\u00e9es probantes en changements significatifs et \u00e9quitables.<\/p>\t\t\t\t\t\t\t\t<\/div>\n\t\t\t\t<\/div>\n\t\t\t\t<\/div>\n\t\t<div class=\"elementor-element elementor-element-6b92d6d e-con-full e-flex e-con e-child\" data-id=\"6b92d6d\" data-element_type=\"container\" data-e-type=\"container\">\n\t\t\t\t<div class=\"elementor-element elementor-element-efbb69f elementor-widget elementor-widget-image\" data-id=\"efbb69f\" data-element_type=\"widget\" data-e-type=\"widget\" data-widget_type=\"image.default\">\n\t\t\t\t<div class=\"elementor-widget-container\">\n\t\t\t\t\t\t\t\t\t\t\t\t\t\t\t<img loading=\"lazy\" decoding=\"async\" width=\"800\" height=\"640\" src=\"https:\/\/monthlydignity.org\/wp-content\/uploads\/2025\/10\/Aylin-1024x819.jpg\" class=\"attachment-large size-large wp-image-2059\" alt=\"\" srcset=\"https:\/\/monthlydignity.org\/wp-content\/uploads\/2025\/10\/Aylin-1024x819.jpg 1024w, https:\/\/monthlydignity.org\/wp-content\/uploads\/2025\/10\/Aylin-300x240.jpg 300w, https:\/\/monthlydignity.org\/wp-content\/uploads\/2025\/10\/Aylin-768x614.jpg 768w, https:\/\/monthlydignity.org\/wp-content\/uploads\/2025\/10\/Aylin-1536x1228.jpg 1536w, https:\/\/monthlydignity.org\/wp-content\/uploads\/2025\/10\/Aylin-2048x1637.jpg 2048w, https:\/\/monthlydignity.org\/wp-content\/uploads\/2025\/10\/Aylin-15x12.jpg 15w\" sizes=\"(max-width: 800px) 100vw, 800px\" \/>\t\t\t\t\t\t\t\t\t\t\t\t\t\t\t<\/div>\n\t\t\t\t<\/div>\n\t\t\t\t<div class=\"elementor-element elementor-element-b965662 elementor-widget elementor-widget-heading\" data-id=\"b965662\" data-element_type=\"widget\" data-e-type=\"widget\" data-widget_type=\"heading.default\">\n\t\t\t\t<div class=\"elementor-widget-container\">\n\t\t\t\t\t<h2 class=\"elementor-heading-title elementor-size-default\">Aylin Sari (elle)<\/h2>\t\t\t\t<\/div>\n\t\t\t\t<\/div>\n\t\t\t\t<div class=\"elementor-element elementor-element-920c216 elementor-widget elementor-widget-heading\" data-id=\"920c216\" data-element_type=\"widget\" data-e-type=\"widget\" data-widget_type=\"heading.default\">\n\t\t\t\t<div class=\"elementor-widget-container\">\n\t\t\t\t\t<h2 class=\"elementor-heading-title elementor-size-default\">Coordinatrice des relations communautaires<\/h2>\t\t\t\t<\/div>\n\t\t\t\t<\/div>\n\t\t\t\t<div class=\"elementor-element elementor-element-b8cbf41 elementor-widget elementor-widget-text-editor\" data-id=\"b8cbf41\" data-element_type=\"widget\" data-e-type=\"widget\" data-widget_type=\"text-editor.default\">\n\t\t\t\t<div class=\"elementor-widget-container\">\n\t\t\t\t\t\t\t\t\t<p>Engag\u00e9e pour la justice sociale avec une approche f\u00e9ministe intersectionnelle, Aylin est dipl\u00f4m\u00e9e en science politique et d\u00e9veloppement international de l\u2019Universit\u00e9 McGill. Elle a travaill\u00e9 sur les droits fonciers des femmes et la reconnaissance des savoirs autochtones dans les initiatives de d\u00e9veloppement. Elle \u0153uvre aujourd\u2019hui \u00e0 la d\u00e9fense des droits sociaux \u00e0 l\u2019\u00e9chelle communautaire, notamment en mati\u00e8re d\u2019\u00e9galit\u00e9 des genres, de logement et de migration.<\/p>\t\t\t\t\t\t\t\t<\/div>\n\t\t\t\t<\/div>\n\t\t\t\t<\/div>\n\t\t<div class=\"elementor-element elementor-element-fdf7eb3 e-con-full e-flex e-con e-child\" data-id=\"fdf7eb3\" data-element_type=\"container\" data-e-type=\"container\">\n\t\t\t\t<div class=\"elementor-element elementor-element-8c77f29 elementor-widget elementor-widget-image\" data-id=\"8c77f29\" data-element_type=\"widget\" data-e-type=\"widget\" data-widget_type=\"image.default\">\n\t\t\t\t<div class=\"elementor-widget-container\">\n\t\t\t\t\t\t\t\t\t\t\t\t\t\t\t<img loading=\"lazy\" decoding=\"async\" width=\"800\" height=\"640\" src=\"https:\/\/monthlydignity.org\/wp-content\/uploads\/2025\/10\/Afrida-1024x819.jpg\" class=\"attachment-large size-large wp-image-2066\" alt=\"\" srcset=\"https:\/\/monthlydignity.org\/wp-content\/uploads\/2025\/10\/Afrida-1024x819.jpg 1024w, https:\/\/monthlydignity.org\/wp-content\/uploads\/2025\/10\/Afrida-300x240.jpg 300w, https:\/\/monthlydignity.org\/wp-content\/uploads\/2025\/10\/Afrida-768x614.jpg 768w, https:\/\/monthlydignity.org\/wp-content\/uploads\/2025\/10\/Afrida-1536x1228.jpg 1536w, https:\/\/monthlydignity.org\/wp-content\/uploads\/2025\/10\/Afrida-2048x1637.jpg 2048w, https:\/\/monthlydignity.org\/wp-content\/uploads\/2025\/10\/Afrida-15x12.jpg 15w\" sizes=\"(max-width: 800px) 100vw, 800px\" \/>\t\t\t\t\t\t\t\t\t\t\t\t\t\t\t<\/div>\n\t\t\t\t<\/div>\n\t\t\t\t<div class=\"elementor-element elementor-element-dfa9935 elementor-widget elementor-widget-heading\" data-id=\"dfa9935\" data-element_type=\"widget\" data-e-type=\"widget\" data-widget_type=\"heading.default\">\n\t\t\t\t<div class=\"elementor-widget-container\">\n\t\t\t\t\t<h2 class=\"elementor-heading-title elementor-size-default\"> Afrida Ahmed (elle)<\/h2>\t\t\t\t<\/div>\n\t\t\t\t<\/div>\n\t\t\t\t<div class=\"elementor-element elementor-element-4efa1e3 elementor-widget elementor-widget-heading\" data-id=\"4efa1e3\" data-element_type=\"widget\" data-e-type=\"widget\" data-widget_type=\"heading.default\">\n\t\t\t\t<div class=\"elementor-widget-container\">\n\t\t\t\t\t<h2 class=\"elementor-heading-title elementor-size-default\">Coordonnatrice des programmes \u00e9ducatifs<\/h2>\t\t\t\t<\/div>\n\t\t\t\t<\/div>\n\t\t\t\t<div class=\"elementor-element elementor-element-0d43d53 elementor-widget elementor-widget-text-editor\" data-id=\"0d43d53\" data-element_type=\"widget\" data-e-type=\"widget\" data-widget_type=\"text-editor.default\">\n\t\t\t\t<div class=\"elementor-widget-container\">\n\t\t\t\t\t\t\t\t\t<p>Depuis plus de dix ans, Afrida est passionn\u00e9e par le b\u00e9n\u00e9volat, le travail communautaire et la vulgarisation des sciences. Dipl\u00f4m\u00e9e de 1re cycle en biochimie et en psychologie de l'Universit\u00e9 de Calgary, elle a ensuite obtenu une ma\u00eetrise en biochimie \u00e0 l'Universit\u00e9 McGill. C'est apr\u00e8s avoir rejoint une \u00e9quipe de recherche clinique sur le cancer de l'ovaire qu'elle s'est int\u00e9ress\u00e9e \u00e0 l'\u00e9quit\u00e9 de sant\u00e9 gyn\u00e9cologique. Elle travaille aujourd'hui chez Dignit\u00e9 mensuelle, o\u00f9 elle con\u00e7oit et anime des ateliers interactifs et factuels pour le public Montr\u00e9alais et alentours.<\/p>\t\t\t\t\t\t\t\t<\/div>\n\t\t\t\t<\/div>\n\t\t\t\t<\/div>\n\t\t<div class=\"elementor-element elementor-element-f48c567 e-con-full e-flex e-con e-child\" data-id=\"f48c567\" data-element_type=\"container\" data-e-type=\"container\">\n\t\t\t\t<div class=\"elementor-element elementor-element-3eb9a88 elementor-widget elementor-widget-image\" data-id=\"3eb9a88\" data-element_type=\"widget\" data-e-type=\"widget\" data-widget_type=\"image.default\">\n\t\t\t\t<div class=\"elementor-widget-container\">\n\t\t\t\t\t\t\t\t\t\t\t\t\t\t\t<img loading=\"lazy\" decoding=\"async\" width=\"800\" height=\"640\" src=\"https:\/\/monthlydignity.org\/wp-content\/uploads\/2025\/10\/Sophia-1024x819.jpg\" class=\"attachment-large size-large wp-image-2047\" alt=\"\" srcset=\"https:\/\/monthlydignity.org\/wp-content\/uploads\/2025\/10\/Sophia-1024x819.jpg 1024w, https:\/\/monthlydignity.org\/wp-content\/uploads\/2025\/10\/Sophia-300x240.jpg 300w, https:\/\/monthlydignity.org\/wp-content\/uploads\/2025\/10\/Sophia-768x614.jpg 768w, https:\/\/monthlydignity.org\/wp-content\/uploads\/2025\/10\/Sophia-1536x1228.jpg 1536w, https:\/\/monthlydignity.org\/wp-content\/uploads\/2025\/10\/Sophia-2048x1637.jpg 2048w, https:\/\/monthlydignity.org\/wp-content\/uploads\/2025\/10\/Sophia-15x12.jpg 15w\" sizes=\"(max-width: 800px) 100vw, 800px\" \/>\t\t\t\t\t\t\t\t\t\t\t\t\t\t\t<\/div>\n\t\t\t\t<\/div>\n\t\t\t\t<div class=\"elementor-element elementor-element-c6e1d6c elementor-widget elementor-widget-heading\" data-id=\"c6e1d6c\" data-element_type=\"widget\" data-e-type=\"widget\" data-widget_type=\"heading.default\">\n\t\t\t\t<div class=\"elementor-widget-container\">\n\t\t\t\t\t<h2 class=\"elementor-heading-title elementor-size-default\">Sophia Harman-Heath (elle\/iel)<\/h2>\t\t\t\t<\/div>\n\t\t\t\t<\/div>\n\t\t\t\t<div class=\"elementor-element elementor-element-ec9ae9e elementor-widget elementor-widget-heading\" data-id=\"ec9ae9e\" data-element_type=\"widget\" data-e-type=\"widget\" data-widget_type=\"heading.default\">\n\t\t\t\t<div class=\"elementor-widget-container\">\n\t\t\t\t\t<h2 class=\"elementor-heading-title elementor-size-default\">Responsable du financement<\/h2>\t\t\t\t<\/div>\n\t\t\t\t<\/div>\n\t\t\t\t<div class=\"elementor-element elementor-element-08b8cc3 elementor-widget elementor-widget-text-editor\" data-id=\"08b8cc3\" data-element_type=\"widget\" data-e-type=\"widget\" data-widget_type=\"text-editor.default\">\n\t\t\t\t<div class=\"elementor-widget-container\">\n\t\t\t\t\t\t\t\t\t<p>Sophia est une sp\u00e9cialiste de la lev\u00e9e de fonds et du d\u00e9veloppement, avec une expertise dans le financement des organisations communautaires de base. Iel est passionn\u00e9.e par l'organisation communautaire et la d\u00e9fense de la sant\u00e9 menstruelle. Sophia est impliqu\u00e9e dans Dignit\u00e9 mensuelle depuis 2017. Iel est enthousiaste \u00e0 l'id\u00e9e d'apporter leur vaste exp\u00e9rience \u00e0 l'\u00e9quipe et de continuer \u00e0 travailler pour un Montr\u00e9al plus \u00e9quitable.<\/p>\t\t\t\t\t\t\t\t<\/div>\n\t\t\t\t<\/div>\n\t\t\t\t<\/div>\n\t\t<div class=\"elementor-element elementor-element-d43c19e e-con-full e-flex e-con e-child\" data-id=\"d43c19e\" data-element_type=\"container\" data-e-type=\"container\">\n\t\t\t\t<div class=\"elementor-element elementor-element-3ff27c3 elementor-widget elementor-widget-image\" data-id=\"3ff27c3\" data-element_type=\"widget\" data-e-type=\"widget\" data-widget_type=\"image.default\">\n\t\t\t\t<div class=\"elementor-widget-container\">\n\t\t\t\t\t\t\t\t\t\t\t\t\t\t\t<img loading=\"lazy\" decoding=\"async\" width=\"800\" height=\"640\" src=\"https:\/\/monthlydignity.org\/wp-content\/uploads\/2026\/02\/Celie-website2-1024x819.png\" class=\"attachment-large size-large wp-image-2306\" alt=\"\" srcset=\"https:\/\/monthlydignity.org\/wp-content\/uploads\/2026\/02\/Celie-website2-1024x819.png 1024w, https:\/\/monthlydignity.org\/wp-content\/uploads\/2026\/02\/Celie-website2-300x240.png 300w, https:\/\/monthlydignity.org\/wp-content\/uploads\/2026\/02\/Celie-website2-768x614.png 768w, https:\/\/monthlydignity.org\/wp-content\/uploads\/2026\/02\/Celie-website2-1536x1228.png 1536w, https:\/\/monthlydignity.org\/wp-content\/uploads\/2026\/02\/Celie-website2-2048x1638.png 2048w, https:\/\/monthlydignity.org\/wp-content\/uploads\/2026\/02\/Celie-website2-15x12.png 15w\" sizes=\"(max-width: 800px) 100vw, 800px\" \/>\t\t\t\t\t\t\t\t\t\t\t\t\t\t\t<\/div>\n\t\t\t\t<\/div>\n\t\t\t\t<div class=\"elementor-element elementor-element-06dcb7c elementor-widget elementor-widget-heading\" data-id=\"06dcb7c\" data-element_type=\"widget\" data-e-type=\"widget\" data-widget_type=\"heading.default\">\n\t\t\t\t<div class=\"elementor-widget-container\">\n\t\t\t\t\t<h2 class=\"elementor-heading-title elementor-size-default\">C\u00e9lie Bayen (elle)<\/h2>\t\t\t\t<\/div>\n\t\t\t\t<\/div>\n\t\t\t\t<div class=\"elementor-element elementor-element-8875648 elementor-widget elementor-widget-heading\" data-id=\"8875648\" data-element_type=\"widget\" data-e-type=\"widget\" data-widget_type=\"heading.default\">\n\t\t\t\t<div class=\"elementor-widget-container\">\n\t\t\t\t\t<h2 class=\"elementor-heading-title elementor-size-default\">Coordonnatrice des communications et des \u00e9v\u00e9nements<\/h2>\t\t\t\t<\/div>\n\t\t\t\t<\/div>\n\t\t\t\t<div class=\"elementor-element elementor-element-31a64a9 elementor-widget elementor-widget-text-editor\" data-id=\"31a64a9\" data-element_type=\"widget\" data-e-type=\"widget\" data-widget_type=\"text-editor.default\">\n\t\t\t\t<div class=\"elementor-widget-container\">\n\t\t\t\t\t\t\t\t\t<p data-path-to-node=\"3\">Forte d\u2019une ma\u00eetrise en communication et gestion de projet obtenue en France, C\u00e9lie a forg\u00e9 son expertise \u00e0 travers divers secteurs, avant de s'implanter dans le milieu communautaire qu\u00e9b\u00e9cois. Son engagement f\u00e9ministe, qu'elle a approfondi en \u00e9tudiant l'intersection du f\u00e9minisme et du marketing, guide aujourd'hui son travail chez Dignit\u00e9 Mensuelle. Anim\u00e9e par la lutte contre la pr\u00e9carit\u00e9 menstruelle, elle mobilise sa cr\u00e9ativit\u00e9 et ses comp\u00e9tences strat\u00e9giques pour faire rayonner la mission de l\u2019organisme et engager la communaut\u00e9.<\/p>\t\t\t\t\t\t\t\t<\/div>\n\t\t\t\t<\/div>\n\t\t\t\t<\/div>\n\t\t\t\t\t<\/div>\n\t\t\t\t<\/div>\n\t\t<div class=\"elementor-element elementor-element-1a30bb5 container-spacing e-flex e-con-boxed e-con e-parent\" data-id=\"1a30bb5\" data-element_type=\"container\" data-e-type=\"container\" data-settings=\"{&quot;background_background&quot;:&quot;classic&quot;}\">\n\t\t\t\t\t<div class=\"e-con-inner\">\n\t\t<div class=\"elementor-element elementor-element-c4f1442 e-con-full e-flex e-con e-child\" data-id=\"c4f1442\" data-element_type=\"container\" data-e-type=\"container\">\n\t\t\t\t<div class=\"elementor-element elementor-element-47424b3 elementor-widget elementor-widget-heading\" data-id=\"47424b3\" data-element_type=\"widget\" data-e-type=\"widget\" data-widget_type=\"heading.default\">\n\t\t\t\t<div class=\"elementor-widget-container\">\n\t\t\t\t\t<h2 class=\"elementor-heading-title elementor-size-default\">Conseil d'administration<\/h2>\t\t\t\t<\/div>\n\t\t\t\t<\/div>\n\t\t\t\t<\/div>\n\t\t<div class=\"elementor-element elementor-element-f48b5d6 e-con-full e-flex e-con e-child\" data-id=\"f48b5d6\" data-element_type=\"container\" data-e-type=\"container\">\n\t\t\t\t<div class=\"elementor-element elementor-element-5e06c0e elementor-widget elementor-widget-image\" data-id=\"5e06c0e\" data-element_type=\"widget\" data-e-type=\"widget\" data-widget_type=\"image.default\">\n\t\t\t\t<div class=\"elementor-widget-container\">\n\t\t\t\t\t\t\t\t\t\t\t\t\t\t\t<img loading=\"lazy\" decoding=\"async\" width=\"800\" height=\"640\" src=\"https:\/\/monthlydignity.org\/wp-content\/uploads\/2025\/10\/Chloe-1024x819.jpg\" class=\"attachment-large size-large wp-image-2046\" alt=\"\" srcset=\"https:\/\/monthlydignity.org\/wp-content\/uploads\/2025\/10\/Chloe-1024x819.jpg 1024w, https:\/\/monthlydignity.org\/wp-content\/uploads\/2025\/10\/Chloe-300x240.jpg 300w, https:\/\/monthlydignity.org\/wp-content\/uploads\/2025\/10\/Chloe-768x614.jpg 768w, https:\/\/monthlydignity.org\/wp-content\/uploads\/2025\/10\/Chloe-1536x1228.jpg 1536w, https:\/\/monthlydignity.org\/wp-content\/uploads\/2025\/10\/Chloe-2048x1638.jpg 2048w, https:\/\/monthlydignity.org\/wp-content\/uploads\/2025\/10\/Chloe-15x12.jpg 15w\" sizes=\"(max-width: 800px) 100vw, 800px\" \/>\t\t\t\t\t\t\t\t\t\t\t\t\t\t\t<\/div>\n\t\t\t\t<\/div>\n\t\t\t\t<div class=\"elementor-element elementor-element-af3f780 elementor-widget elementor-widget-heading\" data-id=\"af3f780\" data-element_type=\"widget\" data-e-type=\"widget\" data-widget_type=\"heading.default\">\n\t\t\t\t<div class=\"elementor-widget-container\">\n\t\t\t\t\t<h2 class=\"elementor-heading-title elementor-size-default\">Chlo\u00e9 Pronovost-Morgan (elle)<\/h2>\t\t\t\t<\/div>\n\t\t\t\t<\/div>\n\t\t\t\t<div class=\"elementor-element elementor-element-9a4fecd elementor-widget elementor-widget-heading\" data-id=\"9a4fecd\" data-element_type=\"widget\" data-e-type=\"widget\" data-widget_type=\"heading.default\">\n\t\t\t\t<div class=\"elementor-widget-container\">\n\t\t\t\t\t<h2 class=\"elementor-heading-title elementor-size-default\">Pr\u00e9sidente et cofondatrice<\/h2>\t\t\t\t<\/div>\n\t\t\t\t<\/div>\n\t\t\t\t<div class=\"elementor-element elementor-element-999c7f5 elementor-widget elementor-widget-text-editor\" data-id=\"999c7f5\" data-element_type=\"widget\" data-e-type=\"widget\" data-widget_type=\"text-editor.default\">\n\t\t\t\t<div class=\"elementor-widget-container\">\n\t\t\t\t\t\t\t\t\t<p>Chlo\u00e9 est r\u00e9sidente en psychiatrie \u00e0 l'Universit\u00e9 McGill. Elle s'int\u00e9resse \u00e0 la prestation de soins holistiques qui int\u00e8grent le corps et l'esprit, et m\u00e8ne des recherches sur les d\u00e9terminants extra-pharmacologiques de la sant\u00e9. Elle a cofond\u00e9 Dignit\u00e9 mensuelle pendant ses \u00e9tudes de premier cycle, dans le but de lutter contre la pr\u00e9carit\u00e9 menstruelle dans sa ville natale de Montr\u00e9al.<\/p>\t\t\t\t\t\t\t\t<\/div>\n\t\t\t\t<\/div>\n\t\t\t\t<\/div>\n\t\t<div class=\"elementor-element elementor-element-1791ea7 e-con-full e-flex e-con e-child\" data-id=\"1791ea7\" data-element_type=\"container\" data-e-type=\"container\">\n\t\t\t\t<div class=\"elementor-element elementor-element-bf37ee2 elementor-widget elementor-widget-image\" data-id=\"bf37ee2\" data-element_type=\"widget\" data-e-type=\"widget\" data-widget_type=\"image.default\">\n\t\t\t\t<div class=\"elementor-widget-container\">\n\t\t\t\t\t\t\t\t\t\t\t\t\t\t\t<img loading=\"lazy\" decoding=\"async\" width=\"800\" height=\"640\" src=\"https:\/\/monthlydignity.org\/wp-content\/uploads\/2025\/10\/Kariane-1024x819.jpg\" class=\"attachment-large size-large wp-image-2044\" alt=\"\" srcset=\"https:\/\/monthlydignity.org\/wp-content\/uploads\/2025\/10\/Kariane-1024x819.jpg 1024w, https:\/\/monthlydignity.org\/wp-content\/uploads\/2025\/10\/Kariane-300x240.jpg 300w, https:\/\/monthlydignity.org\/wp-content\/uploads\/2025\/10\/Kariane-768x614.jpg 768w, https:\/\/monthlydignity.org\/wp-content\/uploads\/2025\/10\/Kariane-1536x1228.jpg 1536w, https:\/\/monthlydignity.org\/wp-content\/uploads\/2025\/10\/Kariane-2048x1637.jpg 2048w, https:\/\/monthlydignity.org\/wp-content\/uploads\/2025\/10\/Kariane-15x12.jpg 15w\" sizes=\"(max-width: 800px) 100vw, 800px\" \/>\t\t\t\t\t\t\t\t\t\t\t\t\t\t\t<\/div>\n\t\t\t\t<\/div>\n\t\t\t\t<div class=\"elementor-element elementor-element-3ec4dd2 elementor-widget elementor-widget-heading\" data-id=\"3ec4dd2\" data-element_type=\"widget\" data-e-type=\"widget\" data-widget_type=\"heading.default\">\n\t\t\t\t<div class=\"elementor-widget-container\">\n\t\t\t\t\t<h2 class=\"elementor-heading-title elementor-size-default\">Kariane St-Denis (elle)<\/h2>\t\t\t\t<\/div>\n\t\t\t\t<\/div>\n\t\t\t\t<div class=\"elementor-element elementor-element-39755f7 elementor-widget elementor-widget-heading\" data-id=\"39755f7\" data-element_type=\"widget\" data-e-type=\"widget\" data-widget_type=\"heading.default\">\n\t\t\t\t<div class=\"elementor-widget-container\">\n\t\t\t\t\t<h2 class=\"elementor-heading-title elementor-size-default\">Secretaire<\/h2>\t\t\t\t<\/div>\n\t\t\t\t<\/div>\n\t\t\t\t<div class=\"elementor-element elementor-element-9d6ea93 elementor-widget elementor-widget-text-editor\" data-id=\"9d6ea93\" data-element_type=\"widget\" data-e-type=\"widget\" data-widget_type=\"text-editor.default\">\n\t\t\t\t<div class=\"elementor-widget-container\">\n\t\t\t\t\t\t\t\t\t<p>Kariane travaille dans le domaine du soutien aux programmes, de la recherche, du suivi et de l'\u00e9valuation en mati\u00e8re de sant\u00e9 et de droits sexuels et reproductifs. Elle est titulaire d'une ma\u00eetrise en sant\u00e9 publique de l'Universit\u00e9 McGill et a travaill\u00e9 avec les Nations unies et des organisations locales en Ouganda, au P\u00e9rou, en RDC, au Sud-Soudan, en Tanzanie et au Malawi afin d'\u00e9largir l'acc\u00e8s aux soins maternels et aux services de sant\u00e9 sexuelle et reproductive. Elle est passionn\u00e9e par la lutte contre les cons\u00e9quences de la pr\u00e9carit\u00e9 menstruelle au Canada et \u00e0 l'\u00e9tranger.<\/p>\t\t\t\t\t\t\t\t<\/div>\n\t\t\t\t<\/div>\n\t\t\t\t<\/div>\n\t\t<div class=\"elementor-element elementor-element-cdfd97a e-con-full e-flex e-con e-child\" data-id=\"cdfd97a\" data-element_type=\"container\" data-e-type=\"container\">\n\t\t\t\t<div class=\"elementor-element elementor-element-11719ff elementor-widget elementor-widget-image\" data-id=\"11719ff\" data-element_type=\"widget\" data-e-type=\"widget\" data-widget_type=\"image.default\">\n\t\t\t\t<div class=\"elementor-widget-container\">\n\t\t\t\t\t\t\t\t\t\t\t\t\t\t\t<img loading=\"lazy\" decoding=\"async\" width=\"800\" height=\"640\" src=\"https:\/\/monthlydignity.org\/wp-content\/uploads\/2025\/10\/Bela-1024x819.jpg\" class=\"attachment-large size-large wp-image-2051\" alt=\"\" srcset=\"https:\/\/monthlydignity.org\/wp-content\/uploads\/2025\/10\/Bela-1024x819.jpg 1024w, https:\/\/monthlydignity.org\/wp-content\/uploads\/2025\/10\/Bela-300x240.jpg 300w, https:\/\/monthlydignity.org\/wp-content\/uploads\/2025\/10\/Bela-768x614.jpg 768w, https:\/\/monthlydignity.org\/wp-content\/uploads\/2025\/10\/Bela-1536x1228.jpg 1536w, https:\/\/monthlydignity.org\/wp-content\/uploads\/2025\/10\/Bela-2048x1637.jpg 2048w, https:\/\/monthlydignity.org\/wp-content\/uploads\/2025\/10\/Bela-15x12.jpg 15w\" sizes=\"(max-width: 800px) 100vw, 800px\" \/>\t\t\t\t\t\t\t\t\t\t\t\t\t\t\t<\/div>\n\t\t\t\t<\/div>\n\t\t\t\t<div class=\"elementor-element elementor-element-5bd090e elementor-widget elementor-widget-heading\" data-id=\"5bd090e\" data-element_type=\"widget\" data-e-type=\"widget\" data-widget_type=\"heading.default\">\n\t\t\t\t<div class=\"elementor-widget-container\">\n\t\t\t\t\t<h2 class=\"elementor-heading-title elementor-size-default\">Bela Fabri Karam (elle)<\/h2>\t\t\t\t<\/div>\n\t\t\t\t<\/div>\n\t\t\t\t<div class=\"elementor-element elementor-element-12f2f9a elementor-widget elementor-widget-heading\" data-id=\"12f2f9a\" data-element_type=\"widget\" data-e-type=\"widget\" data-widget_type=\"heading.default\">\n\t\t\t\t<div class=\"elementor-widget-container\">\n\t\t\t\t\t<h2 class=\"elementor-heading-title elementor-size-default\">Tr\u00e9sori\u00e8re<\/h2>\t\t\t\t<\/div>\n\t\t\t\t<\/div>\n\t\t\t\t<div class=\"elementor-element elementor-element-34d3a19 elementor-widget elementor-widget-text-editor\" data-id=\"34d3a19\" data-element_type=\"widget\" data-e-type=\"widget\" data-widget_type=\"text-editor.default\">\n\t\t\t\t<div class=\"elementor-widget-container\">\n\t\t\t\t\t\t\t\t\t<p>Bela est une gestionnaire de projet sp\u00e9cialis\u00e9e dans la conception de syst\u00e8mes de collecte de donn\u00e9es inclusifs qui viennent en aide aux survivants de violences bas\u00e9es sur le genre, aux communaut\u00e9s LGBTQIA2S+ et aux personnes sans domicile fixe. Elle est titulaire d'un baccalaur\u00e9at en sciences (avec distinction) en pharmacologie de l'Universit\u00e9 McGill et poss\u00e8de une formation en recherche sur l'\u00e9quit\u00e9 dans les soins de sant\u00e9 et l'\u00e9ducation. Elle se passionne pour l'utilisation des donn\u00e9es afin d'amplifier l'impact des initiatives en mati\u00e8re de justice sociale.<\/p>\t\t\t\t\t\t\t\t<\/div>\n\t\t\t\t<\/div>\n\t\t\t\t<\/div>\n\t\t<div class=\"elementor-element elementor-element-577a299 e-con-full e-flex e-con e-child\" data-id=\"577a299\" data-element_type=\"container\" data-e-type=\"container\">\n\t\t\t\t<div class=\"elementor-element elementor-element-e26001f elementor-widget elementor-widget-image\" data-id=\"e26001f\" data-element_type=\"widget\" data-e-type=\"widget\" data-widget_type=\"image.default\">\n\t\t\t\t<div class=\"elementor-widget-container\">\n\t\t\t\t\t\t\t\t\t\t\t\t\t\t\t<img loading=\"lazy\" decoding=\"async\" width=\"800\" height=\"640\" src=\"https:\/\/monthlydignity.org\/wp-content\/uploads\/2025\/10\/Safi-1024x819.jpg\" class=\"attachment-large size-large wp-image-2045\" alt=\"\" srcset=\"https:\/\/monthlydignity.org\/wp-content\/uploads\/2025\/10\/Safi-1024x819.jpg 1024w, https:\/\/monthlydignity.org\/wp-content\/uploads\/2025\/10\/Safi-300x240.jpg 300w, https:\/\/monthlydignity.org\/wp-content\/uploads\/2025\/10\/Safi-768x614.jpg 768w, https:\/\/monthlydignity.org\/wp-content\/uploads\/2025\/10\/Safi-1536x1229.jpg 1536w, https:\/\/monthlydignity.org\/wp-content\/uploads\/2025\/10\/Safi-2048x1638.jpg 2048w, https:\/\/monthlydignity.org\/wp-content\/uploads\/2025\/10\/Safi-15x12.jpg 15w\" sizes=\"(max-width: 800px) 100vw, 800px\" \/>\t\t\t\t\t\t\t\t\t\t\t\t\t\t\t<\/div>\n\t\t\t\t<\/div>\n\t\t\t\t<div class=\"elementor-element elementor-element-9b09237 elementor-widget elementor-widget-heading\" data-id=\"9b09237\" data-element_type=\"widget\" data-e-type=\"widget\" data-widget_type=\"heading.default\">\n\t\t\t\t<div class=\"elementor-widget-container\">\n\t\t\t\t\t<h2 class=\"elementor-heading-title elementor-size-default\">Safi Nsiempba (elle)<\/h2>\t\t\t\t<\/div>\n\t\t\t\t<\/div>\n\t\t\t\t<div class=\"elementor-element elementor-element-b7edc59 elementor-widget elementor-widget-heading\" data-id=\"b7edc59\" data-element_type=\"widget\" data-e-type=\"widget\" data-widget_type=\"heading.default\">\n\t\t\t\t<div class=\"elementor-widget-container\">\n\t\t\t\t\t<h2 class=\"elementor-heading-title elementor-size-default\">Membre<\/h2>\t\t\t\t<\/div>\n\t\t\t\t<\/div>\n\t\t\t\t<div class=\"elementor-element elementor-element-c39d2ea elementor-widget elementor-widget-text-editor\" data-id=\"c39d2ea\" data-element_type=\"widget\" data-e-type=\"widget\" data-widget_type=\"text-editor.default\">\n\t\t\t\t<div class=\"elementor-widget-container\">\n\t\t\t\t\t\t\t\t\t<p>Safi est avocate, enqu\u00eatrice, conseill\u00e8re et formatrice sp\u00e9cialis\u00e9e en pr\u00e9vention du harc\u00e8lement, de la discrimination et des violences en milieu de travail. Elle travaille \u00e0 transformer les milieux professionnels en espaces plus \u00e9quitables et inclusifs. F\u00e9ministe intersectionnelle, elle s\u2019engage pour les droits des femmes, la sant\u00e9 reproductive et la justice sociale.<\/p>\t\t\t\t\t\t\t\t<\/div>\n\t\t\t\t<\/div>\n\t\t\t\t<\/div>\n\t\t<div class=\"elementor-element elementor-element-426cd58 e-con-full e-flex e-con e-child\" data-id=\"426cd58\" data-element_type=\"container\" data-e-type=\"container\">\n\t\t\t\t<div class=\"elementor-element elementor-element-b53df57 elementor-widget elementor-widget-image\" data-id=\"b53df57\" data-element_type=\"widget\" data-e-type=\"widget\" data-widget_type=\"image.default\">\n\t\t\t\t<div class=\"elementor-widget-container\">\n\t\t\t\t\t\t\t\t\t\t\t\t\t\t\t<img loading=\"lazy\" decoding=\"async\" width=\"800\" height=\"640\" src=\"https:\/\/monthlydignity.org\/wp-content\/uploads\/2025\/10\/Jessica-1024x819.jpg\" class=\"attachment-large size-large wp-image-2050\" alt=\"\" srcset=\"https:\/\/monthlydignity.org\/wp-content\/uploads\/2025\/10\/Jessica-1024x819.jpg 1024w, https:\/\/monthlydignity.org\/wp-content\/uploads\/2025\/10\/Jessica-300x240.jpg 300w, https:\/\/monthlydignity.org\/wp-content\/uploads\/2025\/10\/Jessica-768x614.jpg 768w, https:\/\/monthlydignity.org\/wp-content\/uploads\/2025\/10\/Jessica-1536x1228.jpg 1536w, https:\/\/monthlydignity.org\/wp-content\/uploads\/2025\/10\/Jessica-2048x1637.jpg 2048w, https:\/\/monthlydignity.org\/wp-content\/uploads\/2025\/10\/Jessica-15x12.jpg 15w\" sizes=\"(max-width: 800px) 100vw, 800px\" \/>\t\t\t\t\t\t\t\t\t\t\t\t\t\t\t<\/div>\n\t\t\t\t<\/div>\n\t\t\t\t<div class=\"elementor-element elementor-element-ae42c5f elementor-widget elementor-widget-heading\" data-id=\"ae42c5f\" data-element_type=\"widget\" data-e-type=\"widget\" data-widget_type=\"heading.default\">\n\t\t\t\t<div class=\"elementor-widget-container\">\n\t\t\t\t\t<h2 class=\"elementor-heading-title elementor-size-default\">Jessica Landry (elle)<\/h2>\t\t\t\t<\/div>\n\t\t\t\t<\/div>\n\t\t\t\t<div class=\"elementor-element elementor-element-3b6dd34 elementor-widget elementor-widget-heading\" data-id=\"3b6dd34\" data-element_type=\"widget\" data-e-type=\"widget\" data-widget_type=\"heading.default\">\n\t\t\t\t<div class=\"elementor-widget-container\">\n\t\t\t\t\t<h2 class=\"elementor-heading-title elementor-size-default\">Membre<\/h2>\t\t\t\t<\/div>\n\t\t\t\t<\/div>\n\t\t\t\t<div class=\"elementor-element elementor-element-68529b5 elementor-widget elementor-widget-text-editor\" data-id=\"68529b5\" data-element_type=\"widget\" data-e-type=\"widget\" data-widget_type=\"text-editor.default\">\n\t\t\t\t<div class=\"elementor-widget-container\">\n\t\t\t\t\t\t\t\t\t<p>Jessica en est \u00e0 sa treizi\u00e8me ann\u00e9e en tant qu'\u00e9ducatrice de la maternelle \u00e0 la 11e ann\u00e9e. Elle se concentre sur les comp\u00e9tences \u00e9motionnelles, l'\u00e9ducation sexuelle et les perspectives indig\u00e8nes dans son programme d'\u00e9tudes. Elle a co\u00e9crit les premi\u00e8res reconnaissances territoriales de son \u00e9cole et s'est faite la championne de l'IED en travaillant en classe et au sein de comit\u00e9s.  En tant qu'apprenante \u00e0 vie et parent, elle explore les phases de transition de la pubert\u00e9 et de la p\u00e9rim\u00e9nopause, afin de guider ses propres exp\u00e9riences et celles de ses enfants qui grandissent rapidement.<\/p>\t\t\t\t\t\t\t\t<\/div>\n\t\t\t\t<\/div>\n\t\t\t\t<\/div>\n\t\t<div class=\"elementor-element elementor-element-398538a e-con-full e-flex e-con e-child\" data-id=\"398538a\" data-element_type=\"container\" data-e-type=\"container\">\n\t\t\t\t<div class=\"elementor-element elementor-element-ee9aa59 elementor-widget elementor-widget-image\" data-id=\"ee9aa59\" data-element_type=\"widget\" data-e-type=\"widget\" data-widget_type=\"image.default\">\n\t\t\t\t<div class=\"elementor-widget-container\">\n\t\t\t\t\t\t\t\t\t\t\t\t\t\t\t<img loading=\"lazy\" decoding=\"async\" width=\"800\" height=\"640\" src=\"https:\/\/monthlydignity.org\/wp-content\/uploads\/2025\/10\/Yasmine-1024x819.jpg\" class=\"attachment-large size-large wp-image-2067\" alt=\"\" srcset=\"https:\/\/monthlydignity.org\/wp-content\/uploads\/2025\/10\/Yasmine-1024x819.jpg 1024w, https:\/\/monthlydignity.org\/wp-content\/uploads\/2025\/10\/Yasmine-300x240.jpg 300w, https:\/\/monthlydignity.org\/wp-content\/uploads\/2025\/10\/Yasmine-768x614.jpg 768w, https:\/\/monthlydignity.org\/wp-content\/uploads\/2025\/10\/Yasmine-1536x1228.jpg 1536w, https:\/\/monthlydignity.org\/wp-content\/uploads\/2025\/10\/Yasmine-2048x1637.jpg 2048w, https:\/\/monthlydignity.org\/wp-content\/uploads\/2025\/10\/Yasmine-15x12.jpg 15w\" sizes=\"(max-width: 800px) 100vw, 800px\" \/>\t\t\t\t\t\t\t\t\t\t\t\t\t\t\t<\/div>\n\t\t\t\t<\/div>\n\t\t\t\t<div class=\"elementor-element elementor-element-223fdcb elementor-widget elementor-widget-heading\" data-id=\"223fdcb\" data-element_type=\"widget\" data-e-type=\"widget\" data-widget_type=\"heading.default\">\n\t\t\t\t<div class=\"elementor-widget-container\">\n\t\t\t\t\t<h2 class=\"elementor-heading-title elementor-size-default\">Yasmine Elmi (elle)<\/h2>\t\t\t\t<\/div>\n\t\t\t\t<\/div>\n\t\t\t\t<div class=\"elementor-element elementor-element-70ac96c elementor-widget elementor-widget-heading\" data-id=\"70ac96c\" data-element_type=\"widget\" data-e-type=\"widget\" data-widget_type=\"heading.default\">\n\t\t\t\t<div class=\"elementor-widget-container\">\n\t\t\t\t\t<h2 class=\"elementor-heading-title elementor-size-default\">Membre<\/h2>\t\t\t\t<\/div>\n\t\t\t\t<\/div>\n\t\t\t\t<div class=\"elementor-element elementor-element-95a8271 elementor-widget elementor-widget-text-editor\" data-id=\"95a8271\" data-element_type=\"widget\" data-e-type=\"widget\" data-widget_type=\"text-editor.default\">\n\t\t\t\t<div class=\"elementor-widget-container\">\n\t\t\t\t\t\t\t\t\t<p>Yasmine est \u00e9tudiante au doctorat en m\u00e9decine et en sciences \u00e0 McGill. Ses travaux portent sur l'\u00e9quit\u00e9 en mati\u00e8re de sant\u00e9, en particulier les maladies infectieuses et la sant\u00e9 maternelle et reproductive des femmes noires. Form\u00e9e en \u00e9pid\u00e9miologie et en m\u00e9decine familiale, elle \u00e9tudie l'influence des facteurs structurels sur les r\u00e9sultats en mati\u00e8re de sant\u00e9 et pr\u00e9conise des solutions fond\u00e9es sur des donn\u00e9es et men\u00e9es par la communaut\u00e9. Yasmine apporte son exp\u00e9rience dans la conception de programmes, le mentorat et l'engagement public. Elle s'engage \u00e0 renforcer l'\u00e9quit\u00e9 menstruelle \u00e0 Montr\u00e9al gr\u00e2ce \u00e0 une \u00e9ducation fond\u00e9e sur des donn\u00e9es probantes, \u00e0 des partenariats avec des organisations communautaires et \u00e0 des changements politiques.<\/p>\t\t\t\t\t\t\t\t<\/div>\n\t\t\t\t<\/div>\n\t\t\t\t<\/div>\n\t\t<div class=\"elementor-element elementor-element-a5fd4db e-con-full e-flex e-con e-child\" data-id=\"a5fd4db\" data-element_type=\"container\" data-e-type=\"container\">\n\t\t\t\t<div class=\"elementor-element elementor-element-579eeb1 elementor-widget elementor-widget-image\" data-id=\"579eeb1\" data-element_type=\"widget\" data-e-type=\"widget\" data-widget_type=\"image.default\">\n\t\t\t\t<div class=\"elementor-widget-container\">\n\t\t\t\t\t\t\t\t\t\t\t\t\t\t\t<img loading=\"lazy\" decoding=\"async\" width=\"800\" height=\"640\" src=\"https:\/\/monthlydignity.org\/wp-content\/uploads\/2025\/10\/Juliana-1024x819.jpg\" class=\"attachment-large size-large wp-image-2092\" alt=\"\" srcset=\"https:\/\/monthlydignity.org\/wp-content\/uploads\/2025\/10\/Juliana-1024x819.jpg 1024w, https:\/\/monthlydignity.org\/wp-content\/uploads\/2025\/10\/Juliana-300x240.jpg 300w, https:\/\/monthlydignity.org\/wp-content\/uploads\/2025\/10\/Juliana-768x614.jpg 768w, https:\/\/monthlydignity.org\/wp-content\/uploads\/2025\/10\/Juliana-1536x1229.jpg 1536w, https:\/\/monthlydignity.org\/wp-content\/uploads\/2025\/10\/Juliana-2048x1639.jpg 2048w, https:\/\/monthlydignity.org\/wp-content\/uploads\/2025\/10\/Juliana-15x12.jpg 15w\" sizes=\"(max-width: 800px) 100vw, 800px\" \/>\t\t\t\t\t\t\t\t\t\t\t\t\t\t\t<\/div>\n\t\t\t\t<\/div>\n\t\t\t\t<div class=\"elementor-element elementor-element-e0c335a elementor-widget elementor-widget-heading\" data-id=\"e0c335a\" data-element_type=\"widget\" data-e-type=\"widget\" data-widget_type=\"heading.default\">\n\t\t\t\t<div class=\"elementor-widget-container\">\n\t\t\t\t\t<h2 class=\"elementor-heading-title elementor-size-default\">Juliana Nguyen-Perreault (elle)<\/h2>\t\t\t\t<\/div>\n\t\t\t\t<\/div>\n\t\t\t\t<div class=\"elementor-element elementor-element-0d67b30 elementor-widget elementor-widget-heading\" data-id=\"0d67b30\" data-element_type=\"widget\" data-e-type=\"widget\" data-widget_type=\"heading.default\">\n\t\t\t\t<div class=\"elementor-widget-container\">\n\t\t\t\t\t<h2 class=\"elementor-heading-title elementor-size-default\">Membre<\/h2>\t\t\t\t<\/div>\n\t\t\t\t<\/div>\n\t\t\t\t<div class=\"elementor-element elementor-element-695bc31 elementor-widget elementor-widget-text-editor\" data-id=\"695bc31\" data-element_type=\"widget\" data-e-type=\"widget\" data-widget_type=\"text-editor.default\">\n\t\t\t\t<div class=\"elementor-widget-container\">\n\t\t\t\t\t\t\t\t\t<div dir=\"auto\">Juliana est une professionnelle des ressources humaines avec plus de 8 ans d'exp\u00e9rience et une formation dans le domaine de la d\u00e9fense des droits des femmes et de l'\u00e9ducation au consentement. Elle est \u00e9ducatrice qualifi\u00e9e dans le secondaire, titulaire d'un B.Ed. de l'Universit\u00e9 McGill et d'un M.A. de l'Universit\u00e9 m\u00e9tropolitaine de Londres en abus des femmes et des enfants. Elle est passionn\u00e9e par la d\u00e9fense des droits des femmes et par la n\u00e9cessit\u00e9 de rendre les espaces professionnels plus accessibles et plus inclusifs.<\/div>\t\t\t\t\t\t\t\t<\/div>\n\t\t\t\t<\/div>\n\t\t\t\t<\/div>\n\t\t<div class=\"elementor-element elementor-element-78dd133 e-con-full e-flex e-con e-child\" data-id=\"78dd133\" data-element_type=\"container\" data-e-type=\"container\">\n\t\t\t\t<div class=\"elementor-element elementor-element-4c91256 elementor-widget elementor-widget-image\" data-id=\"4c91256\" data-element_type=\"widget\" data-e-type=\"widget\" data-widget_type=\"image.default\">\n\t\t\t\t<div class=\"elementor-widget-container\">\n\t\t\t\t\t\t\t\t\t\t\t\t\t\t\t<img loading=\"lazy\" decoding=\"async\" width=\"800\" height=\"640\" src=\"https:\/\/monthlydignity.org\/wp-content\/uploads\/2025\/11\/Maria-1024x819.jpg\" class=\"attachment-large size-large wp-image-2102\" alt=\"\" srcset=\"https:\/\/monthlydignity.org\/wp-content\/uploads\/2025\/11\/Maria-1024x819.jpg 1024w, https:\/\/monthlydignity.org\/wp-content\/uploads\/2025\/11\/Maria-300x240.jpg 300w, https:\/\/monthlydignity.org\/wp-content\/uploads\/2025\/11\/Maria-768x614.jpg 768w, https:\/\/monthlydignity.org\/wp-content\/uploads\/2025\/11\/Maria-1536x1228.jpg 1536w, https:\/\/monthlydignity.org\/wp-content\/uploads\/2025\/11\/Maria-2048x1637.jpg 2048w, https:\/\/monthlydignity.org\/wp-content\/uploads\/2025\/11\/Maria-15x12.jpg 15w\" sizes=\"(max-width: 800px) 100vw, 800px\" \/>\t\t\t\t\t\t\t\t\t\t\t\t\t\t\t<\/div>\n\t\t\t\t<\/div>\n\t\t\t\t<div class=\"elementor-element elementor-element-756ba98 elementor-widget elementor-widget-heading\" data-id=\"756ba98\" data-element_type=\"widget\" data-e-type=\"widget\" data-widget_type=\"heading.default\">\n\t\t\t\t<div class=\"elementor-widget-container\">\n\t\t\t\t\t<h2 class=\"elementor-heading-title elementor-size-default\">Mar\u00eda Rodr\u00edguez (elle)<\/h2>\t\t\t\t<\/div>\n\t\t\t\t<\/div>\n\t\t\t\t<div class=\"elementor-element elementor-element-a80b551 elementor-widget elementor-widget-heading\" data-id=\"a80b551\" data-element_type=\"widget\" data-e-type=\"widget\" data-widget_type=\"heading.default\">\n\t\t\t\t<div class=\"elementor-widget-container\">\n\t\t\t\t\t<h2 class=\"elementor-heading-title elementor-size-default\">Membre<\/h2>\t\t\t\t<\/div>\n\t\t\t\t<\/div>\n\t\t\t\t<div class=\"elementor-element elementor-element-c0b9c2c elementor-widget elementor-widget-text-editor\" data-id=\"c0b9c2c\" data-element_type=\"widget\" data-e-type=\"widget\" data-widget_type=\"text-editor.default\">\n\t\t\t\t<div class=\"elementor-widget-container\">\n\t\t\t\t\t\t\t\t\t<div dir=\"auto\"><span id=\"m_-3626655967367294826gmail-docs-internal-guid-4309bc6d-7fff-fae1-2e46-aff1801433bd\">Mar\u00eda est une avocate f\u00e9ministe qui travaille actuellement dans le domaine du contentieux civil, administratif et constitutionnel. Elle a \u00e9galement travaill\u00e9 dans le domaine du contentieux et de la d\u00e9fense des droits de l'homme au niveau international devant le Syst\u00e8me universel et le Syst\u00e8me interam\u00e9ricain des droits de l'homme. Maria est dipl\u00f4m\u00e9e de la facult\u00e9 de droit de McGill (B.C.L \/ LL.B, '17 et LLM '23) et est profond\u00e9ment passionn\u00e9e par la promotion des droits sexuels et reproductifs et de la justice reproductive.<\/span><\/div>\t\t\t\t\t\t\t\t<\/div>\n\t\t\t\t<\/div>\n\t\t\t\t<\/div>\n\t\t\t\t\t<\/div>\n\t\t\t\t<\/div>\n\t\t<div class=\"elementor-element elementor-element-218ddc0 container-spacing e-flex e-con-boxed e-con e-parent\" data-id=\"218ddc0\" data-element_type=\"container\" data-e-type=\"container\" data-settings=\"{&quot;background_background&quot;:&quot;classic&quot;}\">\n\t\t\t\t\t<div class=\"e-con-inner\">\n\t\t<div class=\"elementor-element elementor-element-cb47aea e-con-full e-flex e-con e-child\" data-id=\"cb47aea\" data-element_type=\"container\" data-e-type=\"container\">\n\t\t\t\t<div class=\"elementor-element elementor-element-d28aa67 elementor-widget elementor-widget-image\" data-id=\"d28aa67\" data-element_type=\"widget\" data-e-type=\"widget\" data-widget_type=\"image.default\">\n\t\t\t\t<div class=\"elementor-widget-container\">\n\t\t\t\t\t\t\t\t\t\t\t\t\t\t\t<img loading=\"lazy\" decoding=\"async\" width=\"800\" height=\"505\" src=\"https:\/\/monthlydignity.org\/wp-content\/uploads\/2025\/10\/Monthly-Dignity-Volunteers-1-1024x647.jpg\" class=\"attachment-large size-large wp-image-2098\" alt=\"\" srcset=\"https:\/\/monthlydignity.org\/wp-content\/uploads\/2025\/10\/Monthly-Dignity-Volunteers-1-1024x647.jpg 1024w, https:\/\/monthlydignity.org\/wp-content\/uploads\/2025\/10\/Monthly-Dignity-Volunteers-1-300x189.jpg 300w, https:\/\/monthlydignity.org\/wp-content\/uploads\/2025\/10\/Monthly-Dignity-Volunteers-1-768x485.jpg 768w, https:\/\/monthlydignity.org\/wp-content\/uploads\/2025\/10\/Monthly-Dignity-Volunteers-1-1536x970.jpg 1536w, https:\/\/monthlydignity.org\/wp-content\/uploads\/2025\/10\/Monthly-Dignity-Volunteers-1-2048x1293.jpg 2048w, https:\/\/monthlydignity.org\/wp-content\/uploads\/2025\/10\/Monthly-Dignity-Volunteers-1-18x12.jpg 18w\" sizes=\"(max-width: 800px) 100vw, 800px\" \/>\t\t\t\t\t\t\t\t\t\t\t\t\t\t\t<\/div>\n\t\t\t\t<\/div>\n\t\t\t\t<\/div>\n\t\t<div class=\"elementor-element elementor-element-2701d8a e-con-full e-flex e-con e-child\" data-id=\"2701d8a\" data-element_type=\"container\" data-e-type=\"container\">\n\t\t\t\t<div class=\"elementor-element elementor-element-3140788 elementor-widget elementor-widget-text-editor\" data-id=\"3140788\" data-element_type=\"widget\" data-e-type=\"widget\" data-widget_type=\"text-editor.default\">\n\t\t\t\t<div class=\"elementor-widget-container\">\n\t\t\t\t\t\t\t\t\t<p>Notre travail est \u00e9galement soutenu par une merveilleuse communaut\u00e9 de b\u00e9n\u00e9voles qui nous aident \u00e0 livrer des produits \u00e0 nos partenaires communautaires, \u00e0 animer des ateliers \u00e9ducatifs et \u00e0 organiser des \u00e9v\u00e9nements. Nous sommes tr\u00e8s reconnaissantes de leur passion et de leur engagement en faveur de l'\u00e9quit\u00e9 menstruelle !<\/p>\t\t\t\t\t\t\t\t<\/div>\n\t\t\t\t<\/div>\n\t\t\t\t<\/div>\n\t\t\t\t\t<\/div>\n\t\t\t\t<\/div>\n\t\t<div class=\"elementor-element elementor-element-4d3e567 container-spacing e-flex e-con-boxed e-con e-parent\" data-id=\"4d3e567\" data-element_type=\"container\" data-e-type=\"container\">\n\t\t\t\t\t<div class=\"e-con-inner\">\n\t\t<div class=\"elementor-element elementor-element-3a6a713 e-con-full e-flex e-con e-child\" data-id=\"3a6a713\" data-element_type=\"container\" data-e-type=\"container\">\n\t\t\t\t<div class=\"elementor-element elementor-element-927648e elementor-widget elementor-widget-heading\" data-id=\"927648e\" data-element_type=\"widget\" data-e-type=\"widget\" data-widget_type=\"heading.default\">\n\t\t\t\t<div class=\"elementor-widget-container\">\n\t\t\t\t\t<h2 class=\"elementor-heading-title elementor-size-default\">Rapports<\/h2>\t\t\t\t<\/div>\n\t\t\t\t<\/div>\n\t\t<div class=\"elementor-element elementor-element-785a880 e-con-full e-flex e-con e-child\" data-id=\"785a880\" data-element_type=\"container\" data-e-type=\"container\">\n\t\t\t\t<div class=\"elementor-element elementor-element-0014ae8 elementor-widget elementor-widget-heading\" data-id=\"0014ae8\" data-element_type=\"widget\" data-e-type=\"widget\" data-widget_type=\"heading.default\">\n\t\t\t\t<div class=\"elementor-widget-container\">\n\t\t\t\t\t<h3 class=\"elementor-heading-title elementor-size-default\">Rapports annuels<\/h3>\t\t\t\t<\/div>\n\t\t\t\t<\/div>\n\t\t\t\t<div class=\"elementor-element elementor-element-21f6547 elementor-widget elementor-widget-text-editor\" data-id=\"21f6547\" data-element_type=\"widget\" data-e-type=\"widget\" data-widget_type=\"text-editor.default\">\n\t\t\t\t<div class=\"elementor-widget-container\">\n\t\t\t\t\t\t\t\t\t<ul><li><a href=\"https:\/\/monthlydignity.org\/wp-content\/uploads\/2026\/02\/Rapport-Annuel-2024-2025.pdf\">2024 &#8211;\u00a0<\/a><a href=\"https:\/\/monthlydignity.org\/wp-content\/uploads\/2026\/02\/Rapport-Annuel-2024-2025.pdf\" target=\"_blank\" rel=\"noopener\">Rapport annuel 2025<\/a><\/li><li><a href=\"https:\/\/monthlydignity.org\/wp-content\/uploads\/2025\/06\/Dignite-mensuelle-rapport-annuel-2024-court.pdf\"><span style=\"background-color: transparent;\">Rapport annuel 2024 (court)<\/span><\/a><\/li><li><a href=\"https:\/\/monthlydignity.org\/wp-content\/uploads\/2025\/04\/Dignite-mensuelle-Rapport-annuel-2023.pdf\" target=\"_blank\" rel=\"noopener\">Rapport annuel 2023<\/a><\/li><\/ul>\t\t\t\t\t\t\t\t<\/div>\n\t\t\t\t<\/div>\n\t\t\t\t<div class=\"elementor-element elementor-element-aec6837 elementor-widget elementor-widget-heading\" data-id=\"aec6837\" data-element_type=\"widget\" data-e-type=\"widget\" data-widget_type=\"heading.default\">\n\t\t\t\t<div class=\"elementor-widget-container\">\n\t\t\t\t\t<h3 class=\"elementor-heading-title elementor-size-default\">\u00c9tats financiers<\/h3>\t\t\t\t<\/div>\n\t\t\t\t<\/div>\n\t\t\t\t<\/div>\n\t\t\t\t<div class=\"elementor-element elementor-element-3762a32 elementor-widget elementor-widget-text-editor\" data-id=\"3762a32\" data-element_type=\"widget\" data-e-type=\"widget\" data-widget_type=\"text-editor.default\">\n\t\t\t\t<div class=\"elementor-widget-container\">\n\t\t\t\t\t\t\t\t\t<ul><li><a href=\"https:\/\/monthlydignity.org\/wp-content\/uploads\/2026\/04\/Dignite-mensuelle-EF-2025-06.pdf\">2024 - 2025 \u00c9tats financiers<\/a>\u00a0<\/li><li><a href=\"https:\/\/monthlydignity.org\/wp-content\/uploads\/2025\/06\/Dignite-mensuelle-rapport-annuel-2024-court.pdf\" target=\"_blank\" rel=\"noopener\"><span style=\"background-color: transparent;\">2024 \u00c9tats financiers (court)<\/span><\/a><\/li><li><a href=\"https:\/\/monthlydignity.org\/wp-content\/uploads\/2025\/04\/Dignite-mensuelle-Etats-financiers-2023-12.pdf\" target=\"_blank\" rel=\"noopener\">\u00c9tats financiers 2023<\/a><\/li><\/ul>\t\t\t\t\t\t\t\t<\/div>\n\t\t\t\t<\/div>\n\t\t\t\t<\/div>\n\t\t<div class=\"elementor-element elementor-element-f6a6e90 e-con-full e-flex e-con e-child\" data-id=\"f6a6e90\" data-element_type=\"container\" data-e-type=\"container\">\n\t\t\t\t<div class=\"elementor-element elementor-element-21ef312 elementor-widget elementor-widget-image\" data-id=\"21ef312\" data-element_type=\"widget\" data-e-type=\"widget\" data-widget_type=\"image.default\">\n\t\t\t\t<div class=\"elementor-widget-container\">\n\t\t\t\t\t\t\t\t\t\t\t\t\t\t\t<img loading=\"lazy\" decoding=\"async\" width=\"800\" height=\"557\" src=\"https:\/\/monthlydignity.org\/wp-content\/uploads\/2026\/02\/Visual-annual-report-1024x713.png\" class=\"attachment-large size-large wp-image-2365\" alt=\"\" srcset=\"https:\/\/monthlydignity.org\/wp-content\/uploads\/2026\/02\/Visual-annual-report-1024x713.png 1024w, https:\/\/monthlydignity.org\/wp-content\/uploads\/2026\/02\/Visual-annual-report-300x209.png 300w, https:\/\/monthlydignity.org\/wp-content\/uploads\/2026\/02\/Visual-annual-report-768x535.png 768w, https:\/\/monthlydignity.org\/wp-content\/uploads\/2026\/02\/Visual-annual-report-18x12.png 18w, https:\/\/monthlydignity.org\/wp-content\/uploads\/2026\/02\/Visual-annual-report.png 1200w\" sizes=\"(max-width: 800px) 100vw, 800px\" \/>\t\t\t\t\t\t\t\t\t\t\t\t\t\t\t<\/div>\n\t\t\t\t<\/div>\n\t\t\t\t<\/div>\n\t\t\t\t\t<\/div>\n\t\t\t\t<\/div>\n\t\t<div class=\"elementor-element elementor-element-14b9081 container-spacing e-flex e-con-boxed e-con e-parent\" data-id=\"14b9081\" data-element_type=\"container\" data-e-type=\"container\" data-settings=\"{&quot;background_background&quot;:&quot;classic&quot;}\">\n\t\t\t\t\t<div class=\"e-con-inner\">\n\t\t\t\t<div class=\"elementor-element elementor-element-9f89d11 elementor-widget elementor-widget-heading\" data-id=\"9f89d11\" data-element_type=\"widget\" data-e-type=\"widget\" data-widget_type=\"heading.default\">\n\t\t\t\t<div class=\"elementor-widget-container\">\n\t\t\t\t\t<h2 class=\"elementor-heading-title elementor-size-default\">Faire un don<\/h2>\t\t\t\t<\/div>\n\t\t\t\t<\/div>\n\t\t\t\t<div class=\"elementor-element elementor-element-d121d6b elementor-widget elementor-widget-text-editor\" data-id=\"d121d6b\" data-element_type=\"widget\" data-e-type=\"widget\" data-widget_type=\"text-editor.default\">\n\t\t\t\t<div class=\"elementor-widget-container\">\n\t\t\t\t\t\t\t\t\t<p>Ensemble, nous pouvons cr\u00e9er un monde o\u00f9 la menstruation n'est plus un obstacle au bien-\u00eatre ou aux opportunit\u00e9s sociales, \u00e9ducatives et professionnelles.<\/p>\t\t\t\t\t\t\t\t<\/div>\n\t\t\t\t<\/div>\n\t\t\t\t<div class=\"elementor-element elementor-element-29f7d71 elementor-align-center elementor-widget elementor-widget-button\" data-id=\"29f7d71\" data-element_type=\"widget\" data-e-type=\"widget\" data-widget_type=\"button.default\">\n\t\t\t\t<div class=\"elementor-widget-container\">\n\t\t\t\t\t\t\t\t\t<div class=\"elementor-button-wrapper\">\n\t\t\t\t\t<a class=\"elementor-button elementor-button-link elementor-size-sm\" href=\"https:\/\/monthlydignity.org\/fr\/donate\/\">\n\t\t\t\t\t\t<span class=\"elementor-button-content-wrapper\">\n\t\t\t\t\t\t\t\t\t<span class=\"elementor-button-text\">Faire un don<\/span>\n\t\t\t\t\t<\/span>\n\t\t\t\t\t<\/a>\n\t\t\t\t<\/div>\n\t\t\t\t\t\t\t\t<\/div>\n\t\t\t\t<\/div>\n\t\t\t\t\t<\/div>\n\t\t\t\t<\/div>\n\t\t\t\t<\/div>","protected":false},"excerpt":{"rendered":"<p>Dignit\u00e9 mensuelle lutte contre les causes et les cons\u00e9quences de la pr\u00e9carit\u00e9 menstruelle et \u0153uvre en faveur de l'\u00e9quit\u00e9 menstruelle \u00e0 Montr\u00e9al.<\/p>","protected":false},"author":2,"featured_media":0,"parent":0,"menu_order":0,"comment_status":"closed","ping_status":"closed","template":"","meta":{"footnotes":""},"class_list":["post-77","page","type-page","status-publish","hentry"],"jetpack_sharing_enabled":true,"_links":{"self":[{"href":"https:\/\/monthlydignity.org\/fr\/wp-json\/wp\/v2\/pages\/77","targetHints":{"allow":["GET"]}}],"collection":[{"href":"https:\/\/monthlydignity.org\/fr\/wp-json\/wp\/v2\/pages"}],"about":[{"href":"https:\/\/monthlydignity.org\/fr\/wp-json\/wp\/v2\/types\/page"}],"author":[{"embeddable":true,"href":"https:\/\/monthlydignity.org\/fr\/wp-json\/wp\/v2\/users\/2"}],"replies":[{"embeddable":true,"href":"https:\/\/monthlydignity.org\/fr\/wp-json\/wp\/v2\/comments?post=77"}],"version-history":[{"count":25,"href":"https:\/\/monthlydignity.org\/fr\/wp-json\/wp\/v2\/pages\/77\/revisions"}],"predecessor-version":[{"id":2477,"href":"https:\/\/monthlydignity.org\/fr\/wp-json\/wp\/v2\/pages\/77\/revisions\/2477"}],"wp:attachment":[{"href":"https:\/\/monthlydignity.org\/fr\/wp-json\/wp\/v2\/media?parent=77"}],"curies":[{"name":"wp","href":"https:\/\/api.w.org\/{rel}","templated":true}]}}