{"id":280,"date":"2024-05-07T19:27:58","date_gmt":"2024-05-07T19:27:58","guid":{"rendered":"https:\/\/monthlydignity.org\/?page_id=280"},"modified":"2026-03-05T13:55:15","modified_gmt":"2026-03-05T18:55:15","slug":"articles","status":"publish","type":"page","link":"https:\/\/monthlydignity.org\/fr\/articles\/","title":{"rendered":"Articles"},"content":{"rendered":"<div data-elementor-type=\"wp-page\" data-elementor-id=\"280\" class=\"elementor elementor-280\" data-elementor-post-type=\"page\">\n\t\t\t\t<div class=\"elementor-element elementor-element-0d8b2b7 container-spacing e-flex e-con-boxed e-con e-parent\" data-id=\"0d8b2b7\" data-element_type=\"container\" data-e-type=\"container\">\n\t\t\t\t\t<div class=\"e-con-inner\">\n\t\t\t\t<div class=\"elementor-element elementor-element-d0cf6d4 elementor-widget elementor-widget-heading\" data-id=\"d0cf6d4\" data-element_type=\"widget\" data-e-type=\"widget\" data-widget_type=\"heading.default\">\n\t\t\t\t<div class=\"elementor-widget-container\">\n\t\t\t\t\t<h2 class=\"elementor-heading-title elementor-size-default\">Articles<\/h2>\t\t\t\t<\/div>\n\t\t\t\t<\/div>\n\t\t\t\t<div class=\"elementor-element elementor-element-c882782 elementor-widget elementor-widget-text-editor\" data-id=\"c882782\" data-element_type=\"widget\" data-e-type=\"widget\" data-widget_type=\"text-editor.default\">\n\t\t\t\t<div class=\"elementor-widget-container\">\n\t\t\t\t\t\t\t\t\t<p>Sur cette page, vous trouverez une collection d'articles \u00e9crits par notre \u00e9quipe et nos contributeur\u00b7euse\u00b7s, explorant les nuances de la sant\u00e9 et des soins menstruels, de la pr\u00e9carit\u00e9 menstruelle et de l'\u00e9quit\u00e9 menstruelle. Qu'il s'agisse d'articles informatifs mettant en lumi\u00e8re le cycle menstruel ou de discussions approfondies sur les impacts sociaux et \u00e9conomiques de la pr\u00e9carit\u00e9 menstruelle, nos articles couvrent un large \u00e9ventail de sujets pertinents pour toute personne int\u00e9ress\u00e9e par l'avancement de l'\u00e9quit\u00e9 menstruelle.<\/p><p>Que vous soyez curieux\u00b7se de la sant\u00e9 menstruelle, en qu\u00eate d'inspiration pour le plaidoyer, ou \u00e0 la recherche de solutions pratiques pour lutter contre la pr\u00e9carit\u00e9 menstruelle dans votre communaut\u00e9, nous vous invitons \u00e0 explorer nos articles pour en savoir plus sur l'\u00e9quit\u00e9 menstruelle.<\/p>\t\t\t\t\t\t\t\t<\/div>\n\t\t\t\t<\/div>\n\t\t<div class=\"elementor-element elementor-element-2789c3b e-con-full e-flex e-con e-child\" data-id=\"2789c3b\" data-element_type=\"container\" data-e-type=\"container\">\n\t\t\t\t<div class=\"elementor-element elementor-element-9374b16 elementor-grid-1 elementor-widget__width-initial elementor-grid-tablet-1 elementor-posts--thumbnail-left elementor-grid-mobile-1 elementor-widget elementor-widget-posts\" data-id=\"9374b16\" data-element_type=\"widget\" data-e-type=\"widget\" data-settings=\"{&quot;classic_columns&quot;:&quot;1&quot;,&quot;classic_row_gap&quot;:{&quot;unit&quot;:&quot;rem&quot;,&quot;size&quot;:8.4,&quot;sizes&quot;:[]},&quot;classic_row_gap_tablet&quot;:{&quot;unit&quot;:&quot;rem&quot;,&quot;size&quot;:&quot;&quot;,&quot;sizes&quot;:[]},&quot;classic_row_gap_mobile&quot;:{&quot;unit&quot;:&quot;rem&quot;,&quot;size&quot;:&quot;&quot;,&quot;sizes&quot;:[]},&quot;classic_columns_tablet&quot;:&quot;1&quot;,&quot;classic_columns_mobile&quot;:&quot;1&quot;}\" data-widget_type=\"posts.classic\">\n\t\t\t\t<div class=\"elementor-widget-container\">\n\t\t\t\t\t\t\t<div class=\"elementor-posts-container elementor-posts elementor-posts--skin-classic elementor-grid\" role=\"list\">\n\t\t\t\t<article class=\"elementor-post elementor-grid-item post-2452 post type-post status-publish format-standard has-post-thumbnail hentry category-education\" role=\"listitem\">\n\t\t\t\t<a class=\"elementor-post__thumbnail__link\" href=\"https:\/\/monthlydignity.org\/fr\/sexagenaire-jase-pipi\/\" tabindex=\"-1\" >\n\t\t\t<div class=\"elementor-post__thumbnail\"><img fetchpriority=\"high\" decoding=\"async\" width=\"229\" height=\"300\" src=\"https:\/\/monthlydignity.org\/wp-content\/uploads\/2026\/04\/M_LACROIX2026-03-05_001-229x300.jpg\" class=\"attachment-medium size-medium wp-image-2454\" alt=\"\" srcset=\"https:\/\/monthlydignity.org\/wp-content\/uploads\/2026\/04\/M_LACROIX2026-03-05_001-229x300.jpg 229w, https:\/\/monthlydignity.org\/wp-content\/uploads\/2026\/04\/M_LACROIX2026-03-05_001-9x12.jpg 9w, https:\/\/monthlydignity.org\/wp-content\/uploads\/2026\/04\/M_LACROIX2026-03-05_001.jpg 488w\" sizes=\"(max-width: 229px) 100vw, 229px\" \/><\/div>\n\t\t<\/a>\n\t\t\t\t<div class=\"elementor-post__text\">\n\t\t\t\t<h3 class=\"elementor-post__title\">\n\t\t\t<a href=\"https:\/\/monthlydignity.org\/fr\/sexagenaire-jase-pipi\/\" >\n\t\t\t\tSexag\u00e9naire jase pipi!\t\t\t<\/a>\n\t\t<\/h3>\n\t\t\t\t<div class=\"elementor-post__meta-data\">\n\t\t\t\t\t<span class=\"elementor-post-author\">\n\t\t\tThe Red Pen Collective &#124; La Plume Rouge\t\t<\/span>\n\t\t\t\t<span class=\"elementor-post-date\">\n\t\t\tavril 1, 2026\t\t<\/span>\n\t\t\t\t<\/div>\n\t\t\t\t<div class=\"elementor-post__excerpt\">\n\t\t\t<p>En juin 2025, le Courrier de Louise Desch\u00e2telets, publi\u00e9 dans Le Journal de Montr\u00e9al, nous informait de la naissance d&#8217;un &#8220;projet novateur pour les femmes de 55 et plus&#8221;, soit l&#8217;application mobile Oups! con\u00e7ue pour traiter l&#8217;incontinence urinaire. Si je ne crois pas devoir m&#8217;inclure dans le &#8220;45% des femmes m\u00e9nopaus\u00e9es&#8221; touch\u00e9es par l&#8217;incontinence urinaire, je confesse cependant que, depuis un p&#8217;tit bout de temps d\u00e9j\u00e0, je cherche un peu plus souvent les toilettes et cela &#8230; les pattes aux fesses!<\/p>\n\t\t<\/div>\n\t\t\n\t\t<a class=\"elementor-post__read-more\" href=\"https:\/\/monthlydignity.org\/fr\/sexagenaire-jase-pipi\/\" aria-label=\"Read more about Sexag\u00e9naire jase pipi!\" tabindex=\"-1\" >\n\t\t\tLire la suite \u00bb\t\t<\/a>\n\n\t\t\t\t<\/div>\n\t\t\t\t<\/article>\n\t\t\t\t<\/div>\n\t\t\n\t\t\t\t\t\t<\/div>\n\t\t\t\t<\/div>\n\t\t\t\t<div class=\"elementor-element elementor-element-d669832 elementor-grid-3 elementor-grid-tablet-2 elementor-grid-mobile-1 elementor-posts--thumbnail-top elementor-widget elementor-widget-posts\" data-id=\"d669832\" data-element_type=\"widget\" data-e-type=\"widget\" data-settings=\"{&quot;classic_columns&quot;:&quot;3&quot;,&quot;classic_columns_tablet&quot;:&quot;2&quot;,&quot;classic_columns_mobile&quot;:&quot;1&quot;,&quot;classic_row_gap&quot;:{&quot;unit&quot;:&quot;px&quot;,&quot;size&quot;:35,&quot;sizes&quot;:[]},&quot;classic_row_gap_tablet&quot;:{&quot;unit&quot;:&quot;px&quot;,&quot;size&quot;:&quot;&quot;,&quot;sizes&quot;:[]},&quot;classic_row_gap_mobile&quot;:{&quot;unit&quot;:&quot;px&quot;,&quot;size&quot;:&quot;&quot;,&quot;sizes&quot;:[]}}\" data-widget_type=\"posts.classic\">\n\t\t\t\t<div class=\"elementor-widget-container\">\n\t\t\t\t\t\t\t<div class=\"elementor-posts-container elementor-posts elementor-posts--skin-classic elementor-grid\" role=\"list\">\n\t\t\t\t<article class=\"elementor-post elementor-grid-item post-2421 post type-post status-publish format-standard has-post-thumbnail hentry category-advocacy category-education\" role=\"listitem\">\n\t\t\t\t<a class=\"elementor-post__thumbnail__link\" href=\"https:\/\/monthlydignity.org\/fr\/menstrual-tracking-wellness-and-histories-of-feminist-self-help\/\" tabindex=\"-1\" >\n\t\t\t<div class=\"elementor-post__thumbnail\"><img decoding=\"async\" width=\"300\" height=\"198\" src=\"https:\/\/monthlydignity.org\/wp-content\/uploads\/2026\/03\/Banner-project-ottawa061-768x508-1-300x198.jpg\" class=\"attachment-medium size-medium wp-image-2436\" alt=\"\" srcset=\"https:\/\/monthlydignity.org\/wp-content\/uploads\/2026\/03\/Banner-project-ottawa061-768x508-1-300x198.jpg 300w, https:\/\/monthlydignity.org\/wp-content\/uploads\/2026\/03\/Banner-project-ottawa061-768x508-1-18x12.jpg 18w, https:\/\/monthlydignity.org\/wp-content\/uploads\/2026\/03\/Banner-project-ottawa061-768x508-1.jpg 768w\" sizes=\"(max-width: 300px) 100vw, 300px\" \/><\/div>\n\t\t<\/a>\n\t\t\t\t<div class=\"elementor-post__text\">\n\t\t\t\t<h3 class=\"elementor-post__title\">\n\t\t\t<a href=\"https:\/\/monthlydignity.org\/fr\/menstrual-tracking-wellness-and-histories-of-feminist-self-help\/\" >\n\t\t\t\tSuivi du cycle menstruel, bien-\u00eatre et histoires du self-help f\u00e9minisme\t\t\t<\/a>\n\t\t<\/h3>\n\t\t\t\t<div class=\"elementor-post__meta-data\">\n\t\t\t\t\t<span class=\"elementor-post-author\">\n\t\t\tThe Red Pen Collective &#124; La Plume Rouge\t\t<\/span>\n\t\t\t\t<span class=\"elementor-post-date\">\n\t\t\tmars 24, 2026\t\t<\/span>\n\t\t\t\t<\/div>\n\t\t\t\t<div class=\"elementor-post__excerpt\">\n\t\t\t<p>... Mais je n'aimais pas, et n'aime toujours pas, faire un culte du \"savoir des femmes\", nous f\u00e9liciter de savoir des choses que les hommes ne savent pas \u2014 la sagesse profonde et irrationnelle des femmes, la connaissance instinctive des femmes de la nature, et ainsi de suite.<\/p>\t\t<\/div>\n\t\t\n\t\t<a class=\"elementor-post__read-more\" href=\"https:\/\/monthlydignity.org\/fr\/menstrual-tracking-wellness-and-histories-of-feminist-self-help\/\" aria-label=\"Read more about Menstrual tracking, wellness, and histories of feminist self-help\" tabindex=\"-1\" >\n\t\t\tLire la suite \u00bb\t\t<\/a>\n\n\t\t\t\t<\/div>\n\t\t\t\t<\/article>\n\t\t\t\t<article class=\"elementor-post elementor-grid-item post-2380 post type-post status-publish format-standard has-post-thumbnail hentry category-advocacy tag-menstrual-health\" role=\"listitem\">\n\t\t\t\t<a class=\"elementor-post__thumbnail__link\" href=\"https:\/\/monthlydignity.org\/fr\/writing-workshop-to-the-one-i-was-before-the-red\/\" tabindex=\"-1\" >\n\t\t\t<div class=\"elementor-post__thumbnail\"><img decoding=\"async\" width=\"300\" height=\"184\" src=\"https:\/\/monthlydignity.org\/wp-content\/uploads\/2026\/03\/pexels-suzyhazelwood-1995842-300x184.jpg\" class=\"attachment-medium size-medium wp-image-2390\" alt=\"\" srcset=\"https:\/\/monthlydignity.org\/wp-content\/uploads\/2026\/03\/pexels-suzyhazelwood-1995842-300x184.jpg 300w, https:\/\/monthlydignity.org\/wp-content\/uploads\/2026\/03\/pexels-suzyhazelwood-1995842-1024x627.jpg 1024w, https:\/\/monthlydignity.org\/wp-content\/uploads\/2026\/03\/pexels-suzyhazelwood-1995842-768x470.jpg 768w, https:\/\/monthlydignity.org\/wp-content\/uploads\/2026\/03\/pexels-suzyhazelwood-1995842-1536x940.jpg 1536w, https:\/\/monthlydignity.org\/wp-content\/uploads\/2026\/03\/pexels-suzyhazelwood-1995842-2048x1253.jpg 2048w, https:\/\/monthlydignity.org\/wp-content\/uploads\/2026\/03\/pexels-suzyhazelwood-1995842-18x12.jpg 18w\" sizes=\"(max-width: 300px) 100vw, 300px\" \/><\/div>\n\t\t<\/a>\n\t\t\t\t<div class=\"elementor-post__text\">\n\t\t\t\t<h3 class=\"elementor-post__title\">\n\t\t\t<a href=\"https:\/\/monthlydignity.org\/fr\/writing-workshop-to-the-one-i-was-before-the-red\/\" >\n\t\t\t\t\u00c0 Celle que J\u2019\u00e9tais Avant le Rouge\t\t\t<\/a>\n\t\t<\/h3>\n\t\t\t\t<div class=\"elementor-post__meta-data\">\n\t\t\t\t\t<span class=\"elementor-post-author\">\n\t\t\tThe Red Pen Collective &#124; La Plume Rouge\t\t<\/span>\n\t\t\t\t<span class=\"elementor-post-date\">\n\t\t\tmars 5, 2026\t\t<\/span>\n\t\t\t\t<\/div>\n\t\t\t\t<div class=\"elementor-post__excerpt\">\n\t\t\t<p>\u00ab \u00c0 celle que j\u2019\u00e9tais avant le rouge \u00bb est un recueil de lettres, de po\u00e8mes et de confidences \u00e9crits par des femmes de tous \u00e2ges, de tous horizons.<br \/> Des voix multiples r\u00e9unies autour d\u2019un moment commun : celui o\u00f9 le corps s\u2019est mis \u00e0 parler, \u00e0 sa mani\u00e8re, \u00e0 travers le sang, la surprise, la honte, la fiert\u00e9, la transformation.<\/p>\t\t<\/div>\n\t\t\n\t\t<a class=\"elementor-post__read-more\" href=\"https:\/\/monthlydignity.org\/fr\/writing-workshop-to-the-one-i-was-before-the-red\/\" aria-label=\"Read more about To the One I Was Before the Red\" tabindex=\"-1\" >\n\t\t\tLire la suite \u00bb\t\t<\/a>\n\n\t\t\t\t<\/div>\n\t\t\t\t<\/article>\n\t\t\t\t<article class=\"elementor-post elementor-grid-item post-2333 post type-post status-publish format-standard has-post-thumbnail hentry category-advocacy category-education\" role=\"listitem\">\n\t\t\t\t<a class=\"elementor-post__thumbnail__link\" href=\"https:\/\/monthlydignity.org\/fr\/reclaiming-your-blood-decolonizing-the-menstrual-cycle\/\" tabindex=\"-1\" >\n\t\t\t<div class=\"elementor-post__thumbnail\"><img loading=\"lazy\" decoding=\"async\" width=\"300\" height=\"200\" src=\"https:\/\/monthlydignity.org\/wp-content\/uploads\/2026\/02\/pexels-karola-g-7691972-300x200.jpg\" class=\"attachment-medium size-medium wp-image-2335\" alt=\"\" srcset=\"https:\/\/monthlydignity.org\/wp-content\/uploads\/2026\/02\/pexels-karola-g-7691972-300x200.jpg 300w, https:\/\/monthlydignity.org\/wp-content\/uploads\/2026\/02\/pexels-karola-g-7691972-1024x683.jpg 1024w, https:\/\/monthlydignity.org\/wp-content\/uploads\/2026\/02\/pexels-karola-g-7691972-768x512.jpg 768w, https:\/\/monthlydignity.org\/wp-content\/uploads\/2026\/02\/pexels-karola-g-7691972-1536x1024.jpg 1536w, https:\/\/monthlydignity.org\/wp-content\/uploads\/2026\/02\/pexels-karola-g-7691972-2048x1365.jpg 2048w, https:\/\/monthlydignity.org\/wp-content\/uploads\/2026\/02\/pexels-karola-g-7691972-18x12.jpg 18w\" sizes=\"(max-width: 300px) 100vw, 300px\" \/><\/div>\n\t\t<\/a>\n\t\t\t\t<div class=\"elementor-post__text\">\n\t\t\t\t<h3 class=\"elementor-post__title\">\n\t\t\t<a href=\"https:\/\/monthlydignity.org\/fr\/reclaiming-your-blood-decolonizing-the-menstrual-cycle\/\" >\n\t\t\t\tReprendre possession de son sang : D\u00e9coloniser le cycle menstruel\t\t\t<\/a>\n\t\t<\/h3>\n\t\t\t\t<div class=\"elementor-post__meta-data\">\n\t\t\t\t\t<span class=\"elementor-post-author\">\n\t\t\tThe Red Pen Collective &#124; La Plume Rouge\t\t<\/span>\n\t\t\t\t<span class=\"elementor-post-date\">\n\t\t\tf\u00e9vrier 16, 2026\t\t<\/span>\n\t\t\t\t<\/div>\n\t\t\t\t<div class=\"elementor-post__excerpt\">\n\t\t\t<p>Ever wondered why \u201cbeing on your period\u201d is so demonized, pathologized and deemed as shameful by society, culture, religion, and the medical system? It\u2019s not because there is something demonic or \u201cwrong\u201d or disgusting with menstruation or the people who experience it. It is because the dominant systems in power\t\t<\/div>\n\t\t\n\t\t<a class=\"elementor-post__read-more\" href=\"https:\/\/monthlydignity.org\/fr\/reclaiming-your-blood-decolonizing-the-menstrual-cycle\/\" aria-label=\"Read more about Reclaiming Your Blood: Decolonizing the Menstrual Cycle\" tabindex=\"-1\" >\n\t\t\tLire la suite \u00bb\t\t<\/a>\n\n\t\t\t\t<\/div>\n\t\t\t\t<\/article>\n\t\t\t\t<\/div>\n\t\t\n\t\t\t\t\t\t<\/div>\n\t\t\t\t<\/div>\n\t\t\t\t<\/div>\n\t\t\t\t\t<\/div>\n\t\t\t\t<\/div>\n\t\t<div class=\"elementor-element elementor-element-8020dc9 container-spacing e-flex e-con-boxed e-con e-parent\" data-id=\"8020dc9\" data-element_type=\"container\" data-e-type=\"container\">\n\t\t\t\t\t<div class=\"e-con-inner\">\n\t\t\t\t<div class=\"elementor-element elementor-element-d58a24c elementor-grid-3 elementor-grid-tablet-2 elementor-grid-mobile-1 elementor-posts--thumbnail-top load-more-align-center elementor-widget elementor-widget-posts\" data-id=\"d58a24c\" data-element_type=\"widget\" data-e-type=\"widget\" data-settings=\"{&quot;pagination_type&quot;:&quot;load_more_on_click&quot;,&quot;classic_columns&quot;:&quot;3&quot;,&quot;classic_columns_tablet&quot;:&quot;2&quot;,&quot;classic_columns_mobile&quot;:&quot;1&quot;,&quot;classic_row_gap&quot;:{&quot;unit&quot;:&quot;px&quot;,&quot;size&quot;:35,&quot;sizes&quot;:[]},&quot;classic_row_gap_tablet&quot;:{&quot;unit&quot;:&quot;px&quot;,&quot;size&quot;:&quot;&quot;,&quot;sizes&quot;:[]},&quot;classic_row_gap_mobile&quot;:{&quot;unit&quot;:&quot;px&quot;,&quot;size&quot;:&quot;&quot;,&quot;sizes&quot;:[]},&quot;load_more_spinner&quot;:{&quot;value&quot;:&quot;fas fa-spinner&quot;,&quot;library&quot;:&quot;fa-solid&quot;}}\" data-widget_type=\"posts.classic\">\n\t\t\t\t<div class=\"elementor-widget-container\">\n\t\t\t\t\t\t\t<div class=\"elementor-posts-container elementor-posts elementor-posts--skin-classic elementor-grid\" role=\"list\">\n\t\t\t\t<article class=\"elementor-post elementor-grid-item post-2267 post type-post status-publish format-standard has-post-thumbnail hentry category-advocacy category-education\" role=\"listitem\">\n\t\t\t\t<a class=\"elementor-post__thumbnail__link\" href=\"https:\/\/monthlydignity.org\/fr\/confessions-of-a-chronic-peer-pelvic-floor-information-misinformation\/\" tabindex=\"-1\" >\n\t\t\t<div class=\"elementor-post__thumbnail\"><img loading=\"lazy\" decoding=\"async\" width=\"300\" height=\"200\" src=\"https:\/\/monthlydignity.org\/wp-content\/uploads\/2026\/02\/B92CFD38-640F-47F9-820A-6CCD5AC70D34_1_105_c-300x200.jpeg\" class=\"attachment-medium size-medium wp-image-2286\" alt=\"\" srcset=\"https:\/\/monthlydignity.org\/wp-content\/uploads\/2026\/02\/B92CFD38-640F-47F9-820A-6CCD5AC70D34_1_105_c-300x200.jpeg 300w, https:\/\/monthlydignity.org\/wp-content\/uploads\/2026\/02\/B92CFD38-640F-47F9-820A-6CCD5AC70D34_1_105_c-1024x683.jpeg 1024w, https:\/\/monthlydignity.org\/wp-content\/uploads\/2026\/02\/B92CFD38-640F-47F9-820A-6CCD5AC70D34_1_105_c-768x512.jpeg 768w, https:\/\/monthlydignity.org\/wp-content\/uploads\/2026\/02\/B92CFD38-640F-47F9-820A-6CCD5AC70D34_1_105_c-18x12.jpeg 18w, https:\/\/monthlydignity.org\/wp-content\/uploads\/2026\/02\/B92CFD38-640F-47F9-820A-6CCD5AC70D34_1_105_c.jpeg 1086w\" sizes=\"(max-width: 300px) 100vw, 300px\" \/><\/div>\n\t\t<\/a>\n\t\t\t\t<div class=\"elementor-post__text\">\n\t\t\t\t<h3 class=\"elementor-post__title\">\n\t\t\t<a href=\"https:\/\/monthlydignity.org\/fr\/confessions-of-a-chronic-peer-pelvic-floor-information-misinformation\/\" >\n\t\t\t\tConfessions mictionnelles : Informations et d\u00e9sinformations sur le plancher pelvien\t\t\t<\/a>\n\t\t<\/h3>\n\t\t\t\t<div class=\"elementor-post__meta-data\">\n\t\t\t\t\t<span class=\"elementor-post-author\">\n\t\t\tThe Red Pen Collective &#124; La Plume Rouge\t\t<\/span>\n\t\t\t\t<span class=\"elementor-post-date\">\n\t\t\tf\u00e9vrier 2, 2026\t\t<\/span>\n\t\t\t\t<\/div>\n\t\t\t\t<div class=\"elementor-post__excerpt\">\n\t\t\t<p>In May of 2023, I started going to the bathroom a lot, but nothing would come out. It felt like I had forgotten how to pee. This struggle led me to explore the complexities of my body and the often-ignored pelvic floor. I met Karina, an occupational therapist, who opened\t\t<\/div>\n\t\t\n\t\t<a class=\"elementor-post__read-more\" href=\"https:\/\/monthlydignity.org\/fr\/confessions-of-a-chronic-peer-pelvic-floor-information-misinformation\/\" aria-label=\"Read more about Confessions of a Chronic Pee-er: Pelvic Floor Information &amp; Misinformation\" tabindex=\"-1\" >\n\t\t\tLire la suite \u00bb\t\t<\/a>\n\n\t\t\t\t<\/div>\n\t\t\t\t<\/article>\n\t\t\t\t<article class=\"elementor-post elementor-grid-item post-2150 post type-post status-publish format-standard has-post-thumbnail hentry category-access category-advocacy category-education tag-accessibility tag-menstrual-equity\" role=\"listitem\">\n\t\t\t\t<a class=\"elementor-post__thumbnail__link\" href=\"https:\/\/monthlydignity.org\/fr\/how-much-does-it-cost-to-menstruate-in-canada\/\" tabindex=\"-1\" >\n\t\t\t<div class=\"elementor-post__thumbnail\"><img loading=\"lazy\" decoding=\"async\" width=\"300\" height=\"200\" src=\"https:\/\/monthlydignity.org\/wp-content\/uploads\/2026\/01\/MAH3638-300x200.jpg\" class=\"attachment-medium size-medium wp-image-2197\" alt=\"\" srcset=\"https:\/\/monthlydignity.org\/wp-content\/uploads\/2026\/01\/MAH3638-300x200.jpg 300w, https:\/\/monthlydignity.org\/wp-content\/uploads\/2026\/01\/MAH3638-1024x683.jpg 1024w, https:\/\/monthlydignity.org\/wp-content\/uploads\/2026\/01\/MAH3638-768x512.jpg 768w, https:\/\/monthlydignity.org\/wp-content\/uploads\/2026\/01\/MAH3638-1536x1024.jpg 1536w, https:\/\/monthlydignity.org\/wp-content\/uploads\/2026\/01\/MAH3638-2048x1365.jpg 2048w, https:\/\/monthlydignity.org\/wp-content\/uploads\/2026\/01\/MAH3638-18x12.jpg 18w\" sizes=\"(max-width: 300px) 100vw, 300px\" \/><\/div>\n\t\t<\/a>\n\t\t\t\t<div class=\"elementor-post__text\">\n\t\t\t\t<h3 class=\"elementor-post__title\">\n\t\t\t<a href=\"https:\/\/monthlydignity.org\/fr\/how-much-does-it-cost-to-menstruate-in-canada\/\" >\n\t\t\t\tQuel est le co\u00fbt des menstruations au Canada ?\t\t\t<\/a>\n\t\t<\/h3>\n\t\t\t\t<div class=\"elementor-post__meta-data\">\n\t\t\t\t\t<span class=\"elementor-post-author\">\n\t\t\tThe Red Pen Collective &#124; La Plume Rouge\t\t<\/span>\n\t\t\t\t<span class=\"elementor-post-date\">\n\t\t\tjanvier 15, 2026\t\t<\/span>\n\t\t\t\t<\/div>\n\t\t\t\t<div class=\"elementor-post__excerpt\">\n\t\t\t<p>Au Canada, les menstruations ont un co\u00fbt cach\u00e9 qui va bien au-del\u00e0 du prix des serviettes hygi\u00e9niques et des tampons. Avec un Canadien sur quatre consid\u00e9rant les r\u00e8gles comme sales et impures, la stigmatisation entourant les menstruations reste forte. Il est alarmant de constater que 17 % des personnes menstru\u00e9es sont confront\u00e9es \u00e0 la pr\u00e9carit\u00e9 menstruelle, un chiffre qui atteint 25 %...\t\t<\/div>\n\t\t\n\t\t<a class=\"elementor-post__read-more\" href=\"https:\/\/monthlydignity.org\/fr\/how-much-does-it-cost-to-menstruate-in-canada\/\" aria-label=\"Read more about How much does it cost to menstruate in Canada?\" tabindex=\"-1\" >\n\t\t\tLire la suite \u00bb\t\t<\/a>\n\n\t\t\t\t<\/div>\n\t\t\t\t<\/article>\n\t\t\t\t<article class=\"elementor-post elementor-grid-item post-1988 post type-post status-publish format-standard has-post-thumbnail hentry category-uncategorized tag-accessibility tag-disability tag-hormones tag-inclusive-design tag-menstrual-equity tag-stigma\" role=\"listitem\">\n\t\t\t\t<a class=\"elementor-post__thumbnail__link\" href=\"https:\/\/monthlydignity.org\/fr\/when-periods-and-adhd-collide-a-neurodivergent-menstruators-experience\/\" tabindex=\"-1\" >\n\t\t\t<div class=\"elementor-post__thumbnail\"><img loading=\"lazy\" decoding=\"async\" width=\"200\" height=\"300\" src=\"https:\/\/monthlydignity.org\/wp-content\/uploads\/2025\/08\/MAH3386-Enhanced-NR-200x300.jpg\" class=\"attachment-medium size-medium wp-image-1989\" alt=\"\" srcset=\"https:\/\/monthlydignity.org\/wp-content\/uploads\/2025\/08\/MAH3386-Enhanced-NR-200x300.jpg 200w, https:\/\/monthlydignity.org\/wp-content\/uploads\/2025\/08\/MAH3386-Enhanced-NR-683x1024.jpg 683w, https:\/\/monthlydignity.org\/wp-content\/uploads\/2025\/08\/MAH3386-Enhanced-NR-768x1152.jpg 768w, https:\/\/monthlydignity.org\/wp-content\/uploads\/2025\/08\/MAH3386-Enhanced-NR-1024x1536.jpg 1024w, https:\/\/monthlydignity.org\/wp-content\/uploads\/2025\/08\/MAH3386-Enhanced-NR-1365x2048.jpg 1365w, https:\/\/monthlydignity.org\/wp-content\/uploads\/2025\/08\/MAH3386-Enhanced-NR-8x12.jpg 8w, https:\/\/monthlydignity.org\/wp-content\/uploads\/2025\/08\/MAH3386-Enhanced-NR-scaled.jpg 1707w\" sizes=\"(max-width: 200px) 100vw, 200px\" \/><\/div>\n\t\t<\/a>\n\t\t\t\t<div class=\"elementor-post__text\">\n\t\t\t\t<h3 class=\"elementor-post__title\">\n\t\t\t<a href=\"https:\/\/monthlydignity.org\/fr\/when-periods-and-adhd-collide-a-neurodivergent-menstruators-experience\/\" >\n\t\t\t\tQuand les r\u00e8gles et le TDAH se rencontrent : l\u2019exp\u00e9rience d\u2019une personne menstru\u00e9e neurodivergente\t\t\t<\/a>\n\t\t<\/h3>\n\t\t\t\t<div class=\"elementor-post__meta-data\">\n\t\t\t\t\t<span class=\"elementor-post-author\">\n\t\t\tSophia Harman-Heath\t\t<\/span>\n\t\t\t\t<span class=\"elementor-post-date\">\n\t\t\tao\u00fbt 1, 2025\t\t<\/span>\n\t\t\t\t<\/div>\n\t\t\t\t<div class=\"elementor-post__excerpt\">\n\t\t\t<p>Les menstruations et la neurodivergence sont intrins\u00e8quement li\u00e9es, et pourtant tr\u00e8s peu de recherches et d'attention sont accord\u00e9es \u00e0 la relation entre elles. Cet article examine de plus pr\u00e8s comment les deux interagissent et explore l'exp\u00e9rience personnelle d'une personne neurodivergente qui a ses r\u00e8gles. <\/p>\t\t<\/div>\n\t\t\n\t\t<a class=\"elementor-post__read-more\" href=\"https:\/\/monthlydignity.org\/fr\/when-periods-and-adhd-collide-a-neurodivergent-menstruators-experience\/\" aria-label=\"Read more about When Periods and ADHD Collide: A Neurodivergent Menstruator&#8217;s Experience\" tabindex=\"-1\" >\n\t\t\tLire la suite \u00bb\t\t<\/a>\n\n\t\t\t\t<\/div>\n\t\t\t\t<\/article>\n\t\t\t\t<article class=\"elementor-post elementor-grid-item post-1773 post type-post status-publish format-standard has-post-thumbnail hentry category-advocacy category-education category-events tag-access-to-menstrual-products tag-community-advocacy tag-inclusive-design tag-menstrual-equity tag-students\" role=\"listitem\">\n\t\t\t\t<a class=\"elementor-post__thumbnail__link\" href=\"https:\/\/monthlydignity.org\/fr\/periods-on-campus\/\" tabindex=\"-1\" >\n\t\t\t<div class=\"elementor-post__thumbnail\"><img loading=\"lazy\" decoding=\"async\" width=\"300\" height=\"200\" src=\"https:\/\/monthlydignity.org\/wp-content\/uploads\/2025\/06\/MAH3421-Enhanced-NR-300x200.jpg\" class=\"attachment-medium size-medium wp-image-1776\" alt=\"\" srcset=\"https:\/\/monthlydignity.org\/wp-content\/uploads\/2025\/06\/MAH3421-Enhanced-NR-300x200.jpg 300w, https:\/\/monthlydignity.org\/wp-content\/uploads\/2025\/06\/MAH3421-Enhanced-NR-1024x683.jpg 1024w, https:\/\/monthlydignity.org\/wp-content\/uploads\/2025\/06\/MAH3421-Enhanced-NR-768x512.jpg 768w, https:\/\/monthlydignity.org\/wp-content\/uploads\/2025\/06\/MAH3421-Enhanced-NR-1536x1024.jpg 1536w, https:\/\/monthlydignity.org\/wp-content\/uploads\/2025\/06\/MAH3421-Enhanced-NR-2048x1365.jpg 2048w, https:\/\/monthlydignity.org\/wp-content\/uploads\/2025\/06\/MAH3421-Enhanced-NR-18x12.jpg 18w\" sizes=\"(max-width: 300px) 100vw, 300px\" \/><\/div>\n\t\t<\/a>\n\t\t\t\t<div class=\"elementor-post__text\">\n\t\t\t\t<h3 class=\"elementor-post__title\">\n\t\t\t<a href=\"https:\/\/monthlydignity.org\/fr\/periods-on-campus\/\" >\n\t\t\t\tLes r\u00e8gles sur le campus\t\t\t<\/a>\n\t\t<\/h3>\n\t\t\t\t<div class=\"elementor-post__meta-data\">\n\t\t\t\t\t<span class=\"elementor-post-author\">\n\t\t\tHenrika Larochelle\t\t<\/span>\n\t\t\t\t<span class=\"elementor-post-date\">\n\t\t\tjuin 27, 2025\t\t<\/span>\n\t\t\t\t<\/div>\n\t\t\t\t<div class=\"elementor-post__excerpt\">\n\t\t\t<p>Le deuxi\u00e8me symposium annuel \u00ab Periods on Campus \u00bb a soulign\u00e9 que l'\u00e9quit\u00e9 menstruelle ne se limite pas \u00e0 la gratuit\u00e9 des produits, mais qu'il s'agit aussi de concevoir des syst\u00e8mes ax\u00e9s sur la justice, l'inclusion et la dignit\u00e9. De l'\u00e9ducation accessible et la sensibilisation adapt\u00e9e \u00e0 la culture aux changements politiques et \u00e0 la narration cr\u00e9ative, le mouvement se renforce, ancr\u00e9 dans la communaut\u00e9 et le collectif.\t\t<\/div>\n\t\t\n\t\t<a class=\"elementor-post__read-more\" href=\"https:\/\/monthlydignity.org\/fr\/periods-on-campus\/\" aria-label=\"Read more about Periods on Campus\" tabindex=\"-1\" >\n\t\t\tLire la suite \u00bb\t\t<\/a>\n\n\t\t\t\t<\/div>\n\t\t\t\t<\/article>\n\t\t\t\t<article class=\"elementor-post elementor-grid-item post-1710 post type-post status-publish format-standard has-post-thumbnail hentry category-advocacy category-events tag-awareness tag-community-engagement tag-feminist-humour tag-fundraising-events tag-international-menstrual-health-day tag-menstrual-equity tag-storytelling\" role=\"listitem\">\n\t\t\t\t<a class=\"elementor-post__thumbnail__link\" href=\"https:\/\/monthlydignity.org\/fr\/when-joy-becomes-an-act-of-resistance-our-stand-up-night-for-menstrual-rights\/\" tabindex=\"-1\" >\n\t\t\t<div class=\"elementor-post__thumbnail\"><img loading=\"lazy\" decoding=\"async\" width=\"300\" height=\"200\" src=\"https:\/\/monthlydignity.org\/wp-content\/uploads\/2025\/06\/MAH3836-Enhanced-NR-1-300x200.jpg\" class=\"attachment-medium size-medium wp-image-1737\" alt=\"\" srcset=\"https:\/\/monthlydignity.org\/wp-content\/uploads\/2025\/06\/MAH3836-Enhanced-NR-1-300x200.jpg 300w, https:\/\/monthlydignity.org\/wp-content\/uploads\/2025\/06\/MAH3836-Enhanced-NR-1-1024x683.jpg 1024w, https:\/\/monthlydignity.org\/wp-content\/uploads\/2025\/06\/MAH3836-Enhanced-NR-1-768x512.jpg 768w, https:\/\/monthlydignity.org\/wp-content\/uploads\/2025\/06\/MAH3836-Enhanced-NR-1-1536x1024.jpg 1536w, https:\/\/monthlydignity.org\/wp-content\/uploads\/2025\/06\/MAH3836-Enhanced-NR-1-2048x1365.jpg 2048w, https:\/\/monthlydignity.org\/wp-content\/uploads\/2025\/06\/MAH3836-Enhanced-NR-1-18x12.jpg 18w\" sizes=\"(max-width: 300px) 100vw, 300px\" \/><\/div>\n\t\t<\/a>\n\t\t\t\t<div class=\"elementor-post__text\">\n\t\t\t\t<h3 class=\"elementor-post__title\">\n\t\t\t<a href=\"https:\/\/monthlydignity.org\/fr\/when-joy-becomes-an-act-of-resistance-our-stand-up-night-for-menstrual-rights\/\" >\n\t\t\t\tQuand la joie devient un acte de r\u00e9sistance : retour sur notre soir\u00e9e Stand-up pour des droits menstruels\t\t\t<\/a>\n\t\t<\/h3>\n\t\t\t\t<div class=\"elementor-post__meta-data\">\n\t\t\t\t\t<span class=\"elementor-post-author\">\n\t\t\tAylin Sari\t\t<\/span>\n\t\t\t\t<span class=\"elementor-post-date\">\n\t\t\t10 juin 2025\t\t<\/span>\n\t\t\t\t<\/div>\n\t\t\t\t<div class=\"elementor-post__excerpt\">\n\t\t\t<p>Monthly Dignity a organis\u00e9 une soir\u00e9e comique \u00e0 guichets ferm\u00e9s \u00e0 La Sala Rossa avec les humoristes Raajiee Chelliah, Emna Achour, Eva Alexopoulos et DJ Gwinestefani afin de sensibiliser le public aux droits menstruels. La soir\u00e9e a montr\u00e9 \u00e0 quel point des espaces joyeux et accueillants peuvent \u00eatre politiques, en instaurant la confiance et en cr\u00e9ant des liens pour un changement durable autour de la pr\u00e9carit\u00e9 menstruelle et des droits menstruels.\t\t<\/div>\n\t\t\n\t\t<a class=\"elementor-post__read-more\" href=\"https:\/\/monthlydignity.org\/fr\/when-joy-becomes-an-act-of-resistance-our-stand-up-night-for-menstrual-rights\/\" aria-label=\"Read more about When Joy Becomes an Act of Resistance: Our Stand-up Night for Menstrual Rights\" tabindex=\"-1\" >\n\t\t\tLire la suite \u00bb\t\t<\/a>\n\n\t\t\t\t<\/div>\n\t\t\t\t<\/article>\n\t\t\t\t<article class=\"elementor-post elementor-grid-item post-1663 post type-post status-publish format-standard has-post-thumbnail hentry category-advocacy category-education tag-gender-equity tag-hormonal-cycles tag-inclusive-workplaces tag-menstrual-health tag-menstrual-leave\" role=\"listitem\">\n\t\t\t\t<a class=\"elementor-post__thumbnail__link\" href=\"https:\/\/monthlydignity.org\/fr\/menstrual-cycles-vs-the-9-to-5\/\" tabindex=\"-1\" >\n\t\t\t<div class=\"elementor-post__thumbnail\"><img loading=\"lazy\" decoding=\"async\" width=\"300\" height=\"200\" src=\"https:\/\/monthlydignity.org\/wp-content\/uploads\/2025\/06\/A-group-of-co-workers-of-varying-genders-having-a-meeting-300x200.jpg\" class=\"attachment-medium size-medium wp-image-1689\" alt=\"\" srcset=\"https:\/\/monthlydignity.org\/wp-content\/uploads\/2025\/06\/A-group-of-co-workers-of-varying-genders-having-a-meeting-300x200.jpg 300w, https:\/\/monthlydignity.org\/wp-content\/uploads\/2025\/06\/A-group-of-co-workers-of-varying-genders-having-a-meeting-1024x683.jpg 1024w, https:\/\/monthlydignity.org\/wp-content\/uploads\/2025\/06\/A-group-of-co-workers-of-varying-genders-having-a-meeting-768x512.jpg 768w, https:\/\/monthlydignity.org\/wp-content\/uploads\/2025\/06\/A-group-of-co-workers-of-varying-genders-having-a-meeting-1536x1024.jpg 1536w, https:\/\/monthlydignity.org\/wp-content\/uploads\/2025\/06\/A-group-of-co-workers-of-varying-genders-having-a-meeting-2048x1365.jpg 2048w, https:\/\/monthlydignity.org\/wp-content\/uploads\/2025\/06\/A-group-of-co-workers-of-varying-genders-having-a-meeting-18x12.jpg 18w\" sizes=\"(max-width: 300px) 100vw, 300px\" \/><\/div>\n\t\t<\/a>\n\t\t\t\t<div class=\"elementor-post__text\">\n\t\t\t\t<h3 class=\"elementor-post__title\">\n\t\t\t<a href=\"https:\/\/monthlydignity.org\/fr\/menstrual-cycles-vs-the-9-to-5\/\" >\n\t\t\t\tCycles menstruels vs. horaires de bureau : il est temps pour une remise en question\t\t\t<\/a>\n\t\t<\/h3>\n\t\t\t\t<div class=\"elementor-post__meta-data\">\n\t\t\t\t\t<span class=\"elementor-post-author\">\n\t\t\tSolenne Trequesser\t\t<\/span>\n\t\t\t\t<span class=\"elementor-post-date\">\n\t\t\t10 juin 2025\t\t<\/span>\n\t\t\t\t<\/div>\n\t\t\t\t<div class=\"elementor-post__excerpt\">\n\t\t\t<p>Les environnements de travail reposent souvent sur un rythme hormonal quotidien qui ne correspond pas \u00e0 la r\u00e9alit\u00e9 des menstruant\u00b7e\u00b7s. Cet article explique comment les cycles menstruels influencent l\u2019\u00e9nergie et la concentration, et pourquoi il est temps d\u2019adopter des politiques et des pratiques plus flexibles et inclusives.<\/p>\t\t<\/div>\n\t\t\n\t\t<a class=\"elementor-post__read-more\" href=\"https:\/\/monthlydignity.org\/fr\/menstrual-cycles-vs-the-9-to-5\/\" aria-label=\"Read more about Menstrual Cycles vs. the 9-to-5: It\u2019s Time for a Rethink\" tabindex=\"-1\" >\n\t\t\tLire la suite \u00bb\t\t<\/a>\n\n\t\t\t\t<\/div>\n\t\t\t\t<\/article>\n\t\t\t\t<article class=\"elementor-post elementor-grid-item post-1518 post type-post status-publish format-standard has-post-thumbnail hentry category-advocacy category-events tag-awareness-events tag-awareness-through-action tag-community-engagement tag-endometriosis tag-menstrual-equity tag-menstrual-health tag-period-pain tag-period-positivity\" role=\"listitem\">\n\t\t\t\t<a class=\"elementor-post__thumbnail__link\" href=\"https:\/\/monthlydignity.org\/fr\/cramp-your-style-menstrual-quiz-night\/\" tabindex=\"-1\" >\n\t\t\t<div class=\"elementor-post__thumbnail\"><img loading=\"lazy\" decoding=\"async\" width=\"300\" height=\"200\" src=\"https:\/\/monthlydignity.org\/wp-content\/uploads\/2025\/05\/MAH0433-Enhanced-NR-2-300x200.jpg\" class=\"attachment-medium size-medium wp-image-1522\" alt=\"\" srcset=\"https:\/\/monthlydignity.org\/wp-content\/uploads\/2025\/05\/MAH0433-Enhanced-NR-2-300x200.jpg 300w, https:\/\/monthlydignity.org\/wp-content\/uploads\/2025\/05\/MAH0433-Enhanced-NR-2-1024x683.jpg 1024w, https:\/\/monthlydignity.org\/wp-content\/uploads\/2025\/05\/MAH0433-Enhanced-NR-2-768x512.jpg 768w, https:\/\/monthlydignity.org\/wp-content\/uploads\/2025\/05\/MAH0433-Enhanced-NR-2-1536x1024.jpg 1536w, https:\/\/monthlydignity.org\/wp-content\/uploads\/2025\/05\/MAH0433-Enhanced-NR-2-2048x1365.jpg 2048w, https:\/\/monthlydignity.org\/wp-content\/uploads\/2025\/05\/MAH0433-Enhanced-NR-2-18x12.jpg 18w\" sizes=\"(max-width: 300px) 100vw, 300px\" \/><\/div>\n\t\t<\/a>\n\t\t\t\t<div class=\"elementor-post__text\">\n\t\t\t\t<h3 class=\"elementor-post__title\">\n\t\t\t<a href=\"https:\/\/monthlydignity.org\/fr\/cramp-your-style-menstrual-quiz-night\/\" >\n\t\t\t\tR\u00e8gles du jeu : Soir\u00e9e quiz et crampes\t\t\t<\/a>\n\t\t<\/h3>\n\t\t\t\t<div class=\"elementor-post__meta-data\">\n\t\t\t\t\t<span class=\"elementor-post-author\">\n\t\t\tHenrika Larochelle\t\t<\/span>\n\t\t\t\t<span class=\"elementor-post-date\">\n\t\t\t15 mai 2025\t\t<\/span>\n\t\t\t\t<\/div>\n\t\t\t\t<div class=\"elementor-post__excerpt\">\n\t\t\t<p>Notre soir\u00e9e quiz sur les r\u00e8gles a d\u00e9pass\u00e9 toutes nos attentes : un espace rempli de rires, de curiosit\u00e9 et de solidarit\u00e9. Entre le simulateur de douleurs menstruelles et des discussions riches, nous avons senti na\u00eetre une vraie connexion. Ensemble, nous avons prouv\u00e9 qu\u2019apprendre et militer peut aussi rimer avec joie.<\/p>\t\t<\/div>\n\t\t\n\t\t<a class=\"elementor-post__read-more\" href=\"https:\/\/monthlydignity.org\/fr\/cramp-your-style-menstrual-quiz-night\/\" aria-label=\"Read more about Cramp Your Style: Menstrual Quiz Night\" tabindex=\"-1\" >\n\t\t\tLire la suite \u00bb\t\t<\/a>\n\n\t\t\t\t<\/div>\n\t\t\t\t<\/article>\n\t\t\t\t<article class=\"elementor-post elementor-grid-item post-1673 post type-post status-publish format-standard has-post-thumbnail hentry category-advocacy category-education tag-marketing tag-media-literacy tag-menstrual-myths tag-stigma tag-vaginal-health tag-wellness-industry\" role=\"listitem\">\n\t\t\t\t<a class=\"elementor-post__thumbnail__link\" href=\"https:\/\/monthlydignity.org\/fr\/dirty-truth-about-staying-clean\/\" tabindex=\"-1\" >\n\t\t\t<div class=\"elementor-post__thumbnail\"><img loading=\"lazy\" decoding=\"async\" width=\"300\" height=\"300\" src=\"https:\/\/monthlydignity.org\/wp-content\/uploads\/2025\/06\/supliful-supplements-on-demand-E-hOpSZONa0-unsplash-300x300.jpg\" class=\"attachment-medium size-medium wp-image-1672\" alt=\"\" srcset=\"https:\/\/monthlydignity.org\/wp-content\/uploads\/2025\/06\/supliful-supplements-on-demand-E-hOpSZONa0-unsplash-300x300.jpg 300w, https:\/\/monthlydignity.org\/wp-content\/uploads\/2025\/06\/supliful-supplements-on-demand-E-hOpSZONa0-unsplash-1024x1024.jpg 1024w, https:\/\/monthlydignity.org\/wp-content\/uploads\/2025\/06\/supliful-supplements-on-demand-E-hOpSZONa0-unsplash-150x150.jpg 150w, https:\/\/monthlydignity.org\/wp-content\/uploads\/2025\/06\/supliful-supplements-on-demand-E-hOpSZONa0-unsplash-768x768.jpg 768w, https:\/\/monthlydignity.org\/wp-content\/uploads\/2025\/06\/supliful-supplements-on-demand-E-hOpSZONa0-unsplash-1536x1536.jpg 1536w, https:\/\/monthlydignity.org\/wp-content\/uploads\/2025\/06\/supliful-supplements-on-demand-E-hOpSZONa0-unsplash-2048x2048.jpg 2048w, https:\/\/monthlydignity.org\/wp-content\/uploads\/2025\/06\/supliful-supplements-on-demand-E-hOpSZONa0-unsplash-12x12.jpg 12w\" sizes=\"(max-width: 300px) 100vw, 300px\" \/><\/div>\n\t\t<\/a>\n\t\t\t\t<div class=\"elementor-post__text\">\n\t\t\t\t<h3 class=\"elementor-post__title\">\n\t\t\t<a href=\"https:\/\/monthlydignity.org\/fr\/dirty-truth-about-staying-clean\/\" >\n\t\t\t\tLa v\u00e9rit\u00e9 cach\u00e9e derri\u00e8re l'id\u00e9e de rester \u00ab propre \u00bb : mythes, misogynie et marketing des produits vaginaux parfum\u00e9s\t\t\t<\/a>\n\t\t<\/h3>\n\t\t\t\t<div class=\"elementor-post__meta-data\">\n\t\t\t\t\t<span class=\"elementor-post-author\">\n\t\t\tHayley Newman-Petryshen\t\t<\/span>\n\t\t\t\t<span class=\"elementor-post-date\">\n\t\t\t30 avril 2025\t\t<\/span>\n\t\t\t\t<\/div>\n\t\t\t\t<div class=\"elementor-post__excerpt\">\n\t\t\t<p>L'industrie des produits d'hygi\u00e8ne f\u00e9minine tire profit de la honte artificielle suscit\u00e9e par le corps naturel des femmes. Des douches vaginales vintage aux gommes \u00ab pour la sant\u00e9 vaginale \u00bb modernes \u00e0 44 dollars, les entreprises exploitent les ins\u00e9curit\u00e9s avec des produits hors de prix et inutiles. Votre vagin est autonettoyant et n'a besoin d'aucun produit, lingette ou compl\u00e9ment sp\u00e9cial.<\/p>\t\t<\/div>\n\t\t\n\t\t<a class=\"elementor-post__read-more\" href=\"https:\/\/monthlydignity.org\/fr\/dirty-truth-about-staying-clean\/\" aria-label=\"Read more about The Dirty Truth About Staying \u2018Clean\u2019: Myths, Misogyny, and the Marketing of Scented Vaginal Products\" tabindex=\"-1\" >\n\t\t\tLire la suite \u00bb\t\t<\/a>\n\n\t\t\t\t<\/div>\n\t\t\t\t<\/article>\n\t\t\t\t<article class=\"elementor-post elementor-grid-item post-1999 post type-post status-publish format-standard has-post-thumbnail hentry category-advocacy category-events\" role=\"listitem\">\n\t\t\t\t<a class=\"elementor-post__thumbnail__link\" href=\"https:\/\/monthlydignity.org\/fr\/breaking-the-silence-monthly-dignitys-menopause-movie-night\/\" tabindex=\"-1\" >\n\t\t\t<div class=\"elementor-post__thumbnail\"><img loading=\"lazy\" decoding=\"async\" width=\"300\" height=\"200\" src=\"https:\/\/monthlydignity.org\/wp-content\/uploads\/2025\/03\/MAH3909-Enhanced-NR-300x200.jpg\" class=\"attachment-medium size-medium wp-image-2013\" alt=\"\" srcset=\"https:\/\/monthlydignity.org\/wp-content\/uploads\/2025\/03\/MAH3909-Enhanced-NR-300x200.jpg 300w, https:\/\/monthlydignity.org\/wp-content\/uploads\/2025\/03\/MAH3909-Enhanced-NR-1024x683.jpg 1024w, https:\/\/monthlydignity.org\/wp-content\/uploads\/2025\/03\/MAH3909-Enhanced-NR-768x512.jpg 768w, https:\/\/monthlydignity.org\/wp-content\/uploads\/2025\/03\/MAH3909-Enhanced-NR-1536x1024.jpg 1536w, https:\/\/monthlydignity.org\/wp-content\/uploads\/2025\/03\/MAH3909-Enhanced-NR-2048x1365.jpg 2048w, https:\/\/monthlydignity.org\/wp-content\/uploads\/2025\/03\/MAH3909-Enhanced-NR-18x12.jpg 18w\" sizes=\"(max-width: 300px) 100vw, 300px\" \/><\/div>\n\t\t<\/a>\n\t\t\t\t<div class=\"elementor-post__text\">\n\t\t\t\t<h3 class=\"elementor-post__title\">\n\t\t\t<a href=\"https:\/\/monthlydignity.org\/fr\/breaking-the-silence-monthly-dignitys-menopause-movie-night\/\" >\n\t\t\t\tBriser le Silence : Soir\u00e9e Cin\u00e9 M\u00e9nopause de Dignit\u00e9 Mensuelle\t\t\t<\/a>\n\t\t<\/h3>\n\t\t\t\t<div class=\"elementor-post__meta-data\">\n\t\t\t\t\t<span class=\"elementor-post-author\">\n\t\t\tSolenne Trequesser\t\t<\/span>\n\t\t\t\t<span class=\"elementor-post-date\">\n\t\t\tmars 30, 2025\t\t<\/span>\n\t\t\t\t<\/div>\n\t\t\t\t<div class=\"elementor-post__excerpt\">\n\t\t\t<p>Le 11 mars, Dignit\u00e9 mensuelle a organis\u00e9 une projection de \u00ab The M Factor: Shredding the Silence on Menopause \u00bb au Cin\u00e9ma Moderne, accompagn\u00e9e d'une discussion avec des expertes aux parcours vari\u00e9s. Cette soir\u00e9e a d\u00e9clench\u00e9 des \u00e9changes authentiques sur un sujet trop longtemps tabou, prouvant que les gens sont pr\u00eats \u00e0 briser le silence entourant la m\u00e9nopause.\t\t<\/div>\n\t\t\n\t\t<a class=\"elementor-post__read-more\" href=\"https:\/\/monthlydignity.org\/fr\/breaking-the-silence-monthly-dignitys-menopause-movie-night\/\" aria-label=\"Read more about Breaking the Silence: Monthly Dignity\u2019s Menopause Movie Night\" tabindex=\"-1\" >\n\t\t\tLire la suite \u00bb\t\t<\/a>\n\n\t\t\t\t<\/div>\n\t\t\t\t<\/article>\n\t\t\t\t<\/div>\n\t\t\t\t\t<span class=\"e-load-more-spinner\">\n\t\t\t\t<svg aria-hidden=\"true\" class=\"e-font-icon-svg e-fas-spinner\" viewbox=\"0 0 512 512\" xmlns=\"http:\/\/www.w3.org\/2000\/svg\"><path d=\"M304 48c0 26.51-21.49 48-48 48s-48-21.49-48-48 21.49-48 48-48 48 21.49 48 48zm-48 368c-26.51 0-48 21.49-48 48s21.49 48 48 48 48-21.49 48-48-21.49-48-48-48zm208-208c-26.51 0-48 21.49-48 48s21.49 48 48 48 48-21.49 48-48-21.49-48-48-48zM96 256c0-26.51-21.49-48-48-48S0 229.49 0 256s21.49 48 48 48 48-21.49 48-48zm12.922 99.078c-26.51 0-48 21.49-48 48s21.49 48 48 48 48-21.49 48-48c0-26.509-21.491-48-48-48zm294.156 0c-26.51 0-48 21.49-48 48s21.49 48 48 48 48-21.49 48-48c0-26.509-21.49-48-48-48zM108.922 60.922c-26.51 0-48 21.49-48 48s21.49 48 48 48 48-21.49 48-48-21.491-48-48-48z\"><\/path><\/svg>\t\t\t<\/span>\n\t\t\n\t\t\t\t<div class=\"e-load-more-anchor\" data-page=\"1\" data-max-page=\"3\" data-next-page=\"https:\/\/monthlydignity.org\/fr\/wp-json\/wp\/v2\/pages\/280\/page\/2\/\"><\/div>\n\t\t\t\t<div class=\"elementor-button-wrapper\">\n\t\t\t<a class=\"elementor-button elementor-size-sm\" role=\"button\">\n\t\t\t\t\t\t<span class=\"elementor-button-content-wrapper\">\n\t\t\t\t\t\t\t\t\t<span class=\"elementor-button-text\">Voir plus<\/span>\n\t\t\t\t\t<\/span>\n\t\t\t\t\t<\/a>\n\t\t<\/div>\n\t\t\t\t<div class=\"e-load-more-message\"><\/div>\n\t\t\t\t\t\t<\/div>\n\t\t\t\t<\/div>\n\t\t\t\t\t<\/div>\n\t\t\t\t<\/div>\n\t\t<div class=\"elementor-element elementor-element-466577a e-flex e-con-boxed e-con e-parent\" data-id=\"466577a\" data-element_type=\"container\" data-e-type=\"container\">\n\t\t\t\t\t<div class=\"e-con-inner\">\n\t\t\t\t<div class=\"elementor-element elementor-element-b560db3 elementor-widget elementor-widget-html\" data-id=\"b560db3\" data-element_type=\"widget\" data-e-type=\"widget\" data-no-translation=\"\" data-widget_type=\"html.default\">\n\t\t\t\t<div class=\"elementor-widget-container\">\n\t\t\t\t\t<style>.elementor-element-b560db3{display:none !important}<\/style>\t\t\t\t<\/div>\n\t\t\t\t<\/div>\n\t\t\t\t<div class=\"elementor-element elementor-element-6a1318a elementor-widget elementor-widget-html\" data-id=\"6a1318a\" data-element_type=\"widget\" data-e-type=\"widget\" data-no-translation=\"\" data-widget_type=\"html.default\">\n\t\t\t\t<div class=\"elementor-widget-container\">\n\t\t\t\t\t<link rel=\"stylesheet\" href=\"https:\/\/cdn.keela.co\/forms\/keela-forms.min.css\" type=\"text\/css\">\n<script async type=\"text\/javascript\" src=\"https:\/\/cdn.keela.co\/forms\/keela-forms.min.js\"><\/script>\n<script async>window.Keela = { id: \"z9HQvkcGZqi8cBc9B\" };<\/script>\n<div class=\"keela-embed-form\" data-src=\"https:\/\/signup-can.keela.co\/embed\/fwY3Sseq855Xcp857\">\n    <div class=\"keela-loading\"><div><\/div><div><\/div><div><\/div><div><\/div><\/div>\n<\/div>\t\t\t\t<\/div>\n\t\t\t\t<\/div>\n\t\t\t\t\t<\/div>\n\t\t\t\t<\/div>\n\t\t\t\t<\/div>","protected":false},"excerpt":{"rendered":"<p>Articles On this page, you&#8217;ll find a collection of articles written by our team and contributors, exploring nuances of menstrual health &amp; care, period poverty, and menstrual equity. From informative [&hellip;]<\/p>\n","protected":false},"author":2,"featured_media":0,"parent":0,"menu_order":0,"comment_status":"closed","ping_status":"closed","template":"","meta":{"footnotes":""},"class_list":["post-280","page","type-page","status-publish","hentry"],"jetpack_sharing_enabled":true,"_links":{"self":[{"href":"https:\/\/monthlydignity.org\/fr\/wp-json\/wp\/v2\/pages\/280","targetHints":{"allow":["GET"]}}],"collection":[{"href":"https:\/\/monthlydignity.org\/fr\/wp-json\/wp\/v2\/pages"}],"about":[{"href":"https:\/\/monthlydignity.org\/fr\/wp-json\/wp\/v2\/types\/page"}],"author":[{"embeddable":true,"href":"https:\/\/monthlydignity.org\/fr\/wp-json\/wp\/v2\/users\/2"}],"replies":[{"embeddable":true,"href":"https:\/\/monthlydignity.org\/fr\/wp-json\/wp\/v2\/comments?post=280"}],"version-history":[{"count":25,"href":"https:\/\/monthlydignity.org\/fr\/wp-json\/wp\/v2\/pages\/280\/revisions"}],"predecessor-version":[{"id":2418,"href":"https:\/\/monthlydignity.org\/fr\/wp-json\/wp\/v2\/pages\/280\/revisions\/2418"}],"wp:attachment":[{"href":"https:\/\/monthlydignity.org\/fr\/wp-json\/wp\/v2\/media?parent=280"}],"curies":[{"name":"wp","href":"https:\/\/api.w.org\/{rel}","templated":true}]}}