{"id":1568,"date":"2025-05-23T14:23:31","date_gmt":"2025-05-23T18:23:31","guid":{"rendered":"https:\/\/monthlydignity.org\/?page_id=1568"},"modified":"2025-05-23T14:24:02","modified_gmt":"2025-05-23T18:24:02","slug":"our-partners","status":"publish","type":"page","link":"https:\/\/monthlydignity.org\/fr\/our-partners\/","title":{"rendered":"Our Partners"},"content":{"rendered":"<div data-elementor-type=\"wp-page\" data-elementor-id=\"1568\" class=\"elementor elementor-1568\" data-elementor-post-type=\"page\">\n\t\t\t\t<div class=\"elementor-element elementor-element-39aa22f container-spacing e-flex e-con-boxed e-con e-parent\" data-id=\"39aa22f\" data-element_type=\"container\" data-e-type=\"container\" data-settings=\"{&quot;background_background&quot;:&quot;classic&quot;}\">\n\t\t\t\t\t<div class=\"e-con-inner\">\n\t\t<div class=\"elementor-element elementor-element-975af94 e-con-full e-flex e-con e-child\" data-id=\"975af94\" data-element_type=\"container\" data-e-type=\"container\">\n\t\t\t\t<div class=\"elementor-element elementor-element-58796fe elementor-widget elementor-widget-heading\" data-id=\"58796fe\" data-element_type=\"widget\" data-e-type=\"widget\" data-widget_type=\"heading.default\">\n\t\t\t\t<div class=\"elementor-widget-container\">\n\t\t\t\t\t<h2 class=\"elementor-heading-title elementor-size-default\">Partenaires communautaires<\/h2>\t\t\t\t<\/div>\n\t\t\t\t<\/div>\n\t\t\t\t<div class=\"elementor-element elementor-element-e282225 elementor-widget elementor-widget-text-editor\" data-id=\"e282225\" data-element_type=\"widget\" data-e-type=\"widget\" data-widget_type=\"text-editor.default\">\n\t\t\t\t<div class=\"elementor-widget-container\">\n\t\t\t\t\t\t\t\t\t<p><span style=\"white-space-collapse: preserve;\">Nous travaillons avec un r\u00e9seau de plus de 30 partenaires communautaires extraordinaires, notamment des centres pour femmes, des refuges et des centres de jour pour les personnes en situation d'itinerance, des refuges pour les victimes de violence familiale, des organismes accueillant les nouveaux arrivants et les demandeurs d'asile, des organismes pour les travailleuses et travailleurs du sexe, des organismes accompagnant les personnes qui consomment des drogues ou qui participent \u00e0 un programme de r\u00e9tablissement, des maisons de jeunes, des centres d'emploi et de formation continue, des organismes pour les personnes LGBTQIA+, et bien d'autres encore. <\/span><\/p><p>Nous distribuons divers produits menstruels, y compris des produits \u00e0 usage unique (serviettes, tampons, prot\u00e8ge-dessous) et des produits r\u00e9utilisables (coupes et disques menstruels, serviettes r\u00e9utilisables). Nous travaillons \u00e9troitement avec nos partenaires pour r\u00e9pondre aux besoins sp\u00e9cifiques et aux pr\u00e9f\u00e9rences en mati\u00e8re de produits des diverses populations qu'ils desservent.\u00a0<\/p><p>En 2024, notre \u00e9quipe a distribu\u00e9 plus de 131 000 produits menstruels gr\u00e2ce \u00e0 ces partenariats !<\/p>\t\t\t\t\t\t\t\t<\/div>\n\t\t\t\t<\/div>\n\t\t\t\t<\/div>\n\t\t<div class=\"elementor-element elementor-element-b2f6d81 e-con-full e-flex e-con e-child\" data-id=\"b2f6d81\" data-element_type=\"container\" data-e-type=\"container\">\n\t\t<div class=\"elementor-element elementor-element-840605a e-con-full e-flex e-con e-child\" data-id=\"840605a\" data-element_type=\"container\" data-e-type=\"container\">\n\t\t\t\t<div class=\"elementor-element elementor-element-a42c212 elementor-widget elementor-widget-image\" data-id=\"a42c212\" data-element_type=\"widget\" data-e-type=\"widget\" data-widget_type=\"image.default\">\n\t\t\t\t<div class=\"elementor-widget-container\">\n\t\t\t\t\t\t\t\t\t\t\t\t\t\t\t\t<a href=\"https:\/\/www.laruedesfemmes.org\" target=\"_blank\">\n\t\t\t\t\t\t\t<img decoding=\"async\" src=\"https:\/\/monthlydignity.org\/wp-content\/uploads\/elementor\/thumbs\/La-rue-des-femmes-qpidporuppigh90vx9qvow8zv74qdrbos85rzbggsg.png\" title=\"La rue des femmes\" alt=\"La Rue Des Femmes\" loading=\"lazy\" \/>\t\t\t\t\t\t\t\t<\/a>\n\t\t\t\t\t\t\t\t\t\t\t\t\t\t\t<\/div>\n\t\t\t\t<\/div>\n\t\t\t\t<\/div>\n\t\t\t\t<div class=\"elementor-element elementor-element-5bd72cf elementor-widget elementor-widget-heading\" data-id=\"5bd72cf\" data-element_type=\"widget\" data-e-type=\"widget\" data-widget_type=\"heading.default\">\n\t\t\t\t<div class=\"elementor-widget-container\">\n\t\t\t\t\t<h2 class=\"elementor-heading-title elementor-size-default\">La rue des femmes<\/h2>\t\t\t\t<\/div>\n\t\t\t\t<\/div>\n\t\t\t\t<div class=\"elementor-element elementor-element-ccaf666 elementor-widget elementor-widget-text-editor\" data-id=\"ccaf666\" data-element_type=\"widget\" data-e-type=\"widget\" data-widget_type=\"text-editor.default\">\n\t\t\t\t<div class=\"elementor-widget-container\">\n\t\t\t\t\t\t\t\t\t<p>La rue des Femmes reconnait l\u2019\u00e9tat d\u2019itin\u00e9rance comme un probl\u00e8me li\u00e9 \u00e0 la perte de la sant\u00e9 relationnelle - la capacit\u00e9 vitale d\u2019\u00eatre en s\u00e9curit\u00e9 et en lien avec soi-m\u00eame et avec les autres-, cons\u00e9quence des blessures relationnelles graves caus\u00e9es par un \u00e9tat de stress post-traumatique complexe chronique. Leur mission est d\u2019assurer, aux femmes en \u00e9tat d\u2019itin\u00e9rance des soins curatifs et pr\u00e9ventifs en sant\u00e9 relationnelle, effectuer de la recherche en sant\u00e9 relationnelle et donner de la formation aux intervenantes en itin\u00e9rance, sensibiliser la population \u00e0 la probl\u00e9matique de l\u2019\u00e9tat d\u2019itin\u00e9rance, et de promouvoir la sant\u00e9 relationnelle comme composante de la sant\u00e9, avec la sant\u00e9 physique et la sant\u00e9 mentale.<\/p>\t\t\t\t\t\t\t\t<\/div>\n\t\t\t\t<\/div>\n\t\t\t\t<\/div>\n\t\t<div class=\"elementor-element elementor-element-bd8fe65 e-con-full e-flex e-con e-child\" data-id=\"bd8fe65\" data-element_type=\"container\" data-e-type=\"container\">\n\t\t<div class=\"elementor-element elementor-element-5751944 e-con-full e-flex e-con e-child\" data-id=\"5751944\" data-element_type=\"container\" data-e-type=\"container\">\n\t\t\t\t<div class=\"elementor-element elementor-element-a133269 elementor-widget elementor-widget-image\" data-id=\"a133269\" data-element_type=\"widget\" data-e-type=\"widget\" data-widget_type=\"image.default\">\n\t\t\t\t<div class=\"elementor-widget-container\">\n\t\t\t\t\t\t\t\t\t\t\t\t\t\t\t\t<a href=\"https:\/\/www.capstbarnabe.org\" target=\"_blank\">\n\t\t\t\t\t\t\t<img decoding=\"async\" src=\"https:\/\/monthlydignity.org\/wp-content\/uploads\/elementor\/thumbs\/CAP-St-Barnabe-qpidr969rby4cwiqcbbpj7dop3smtfatnxl93bxpie.png\" title=\"CAP St-Barnabe\" alt=\"Le Cap St. Barnabe\" loading=\"lazy\" \/>\t\t\t\t\t\t\t\t<\/a>\n\t\t\t\t\t\t\t\t\t\t\t\t\t\t\t<\/div>\n\t\t\t\t<\/div>\n\t\t\t\t<\/div>\n\t\t\t\t<div class=\"elementor-element elementor-element-a65c10a elementor-widget elementor-widget-heading\" data-id=\"a65c10a\" data-element_type=\"widget\" data-e-type=\"widget\" data-widget_type=\"heading.default\">\n\t\t\t\t<div class=\"elementor-widget-container\">\n\t\t\t\t\t<h2 class=\"elementor-heading-title elementor-size-default\">Le CAP St-Barnab\u00e9<\/h2>\t\t\t\t<\/div>\n\t\t\t\t<\/div>\n\t\t\t\t<div class=\"elementor-element elementor-element-a7cf254 elementor-widget elementor-widget-text-editor\" data-id=\"a7cf254\" data-element_type=\"widget\" data-e-type=\"widget\" data-widget_type=\"text-editor.default\">\n\t\t\t\t<div class=\"elementor-widget-container\">\n\t\t\t\t\t\t\t\t\t<p>Le CAP offre de nombreux services tels un refuge d'urgence ouvert \u00e0 tous\u00b7tes 7j\/7 24h\/24, un centre de jour, des suivis psychosociaux, de l\u2019aide alimentaire pour les habitant.e.s d\u2019Hochelaga-Maisonneuve, des repas et un programme de logement social. \u200bNous avons pour mission d'affirmer notre savoir-faire en contribuant \u00e0 l\u2019am\u00e9lioration des conditions de vie des plus vuln\u00e9rables par de l\u2019accompagnement, visant \u00e0 favoriser l\u2019autonomie et l\u2019acc\u00e8s \u00e0 un chez soi.<\/p>\t\t\t\t\t\t\t\t<\/div>\n\t\t\t\t<\/div>\n\t\t\t\t<\/div>\n\t\t<div class=\"elementor-element elementor-element-3af5d87 e-con-full e-flex e-con e-child\" data-id=\"3af5d87\" data-element_type=\"container\" data-e-type=\"container\">\n\t\t<div class=\"elementor-element elementor-element-8af09c2 e-con-full e-flex e-con e-child\" data-id=\"8af09c2\" data-element_type=\"container\" data-e-type=\"container\">\n\t\t\t\t<div class=\"elementor-element elementor-element-1d08535 elementor-widget elementor-widget-image\" data-id=\"1d08535\" data-element_type=\"widget\" data-e-type=\"widget\" data-widget_type=\"image.default\">\n\t\t\t\t<div class=\"elementor-widget-container\">\n\t\t\t\t\t\t\t\t\t\t\t\t\t\t\t\t<a href=\"http:\/\/www.maisonpassages.com\" target=\"_blank\">\n\t\t\t\t\t\t\t<img decoding=\"async\" src=\"https:\/\/monthlydignity.org\/wp-content\/uploads\/elementor\/thumbs\/maisonPassages-qpidge5b4osdo2iy793p18owe0y29if8u7wx4t8mbk.png\" title=\"maisonPassages\" alt=\"Maison Passages\" loading=\"lazy\" \/>\t\t\t\t\t\t\t\t<\/a>\n\t\t\t\t\t\t\t\t\t\t\t\t\t\t\t<\/div>\n\t\t\t\t<\/div>\n\t\t\t\t<\/div>\n\t\t\t\t<div class=\"elementor-element elementor-element-608a0de elementor-widget elementor-widget-heading\" data-id=\"608a0de\" data-element_type=\"widget\" data-e-type=\"widget\" data-widget_type=\"heading.default\">\n\t\t\t\t<div class=\"elementor-widget-container\">\n\t\t\t\t\t<h2 class=\"elementor-heading-title elementor-size-default\">Maison Passages<\/h2>\t\t\t\t<\/div>\n\t\t\t\t<\/div>\n\t\t\t\t<div class=\"elementor-element elementor-element-09b0fce elementor-widget elementor-widget-text-editor\" data-id=\"09b0fce\" data-element_type=\"widget\" data-e-type=\"widget\" data-widget_type=\"text-editor.default\">\n\t\t\t\t<div class=\"elementor-widget-container\">\n\t\t\t\t\t\t\t\t\t<p><span style=\"white-space-collapse: preserve;\">Passages est une maison d'h\u00e9bergement d'urgence pour jeunes femmes \u00e0 Montr\u00e9al, accueillant toutes les personnes qui s'identifient comme des femmes, \u00e2g\u00e9es de 18 \u00e0 30 ans. Le refuge offre un espace s\u00fbr \u00e0 toutes les femmes qui ont besoin d'un endroit o\u00f9 rester ou d'une pause dans leur situation. Ils fournissent des services dans des conditions minimales bas\u00e9es sur l'inclusion et le soutien sans jugement. Elle dispose de 16 places dans son centre d'h\u00e9bergement d'urgence, offrant des s\u00e9jours allant de 3 nuits \u00e0 4 semaines. Ils ont \u00e9galement un programme de logement qui offre \u00e0 14 femmes la possibilit\u00e9 d'acc\u00e9der \u00e0 un appartement abordable avec le soutien de la communaut\u00e9. Enfin, dans le cadre de son projet artistique et communautaire, Passages offre la possibilit\u00e9 de participer \u00e0 des ateliers artistiques et \u00e0 des activit\u00e9s d'engagement communautaire.<\/span><\/p>\t\t\t\t\t\t\t\t<\/div>\n\t\t\t\t<\/div>\n\t\t\t\t<\/div>\n\t\t<div class=\"elementor-element elementor-element-a851298 e-con-full e-flex e-con e-child\" data-id=\"a851298\" data-element_type=\"container\" data-e-type=\"container\">\n\t\t<div class=\"elementor-element elementor-element-a2183c0 e-con-full e-flex e-con e-child\" data-id=\"a2183c0\" data-element_type=\"container\" data-e-type=\"container\">\n\t\t\t\t<div class=\"elementor-element elementor-element-7d9860e elementor-widget elementor-widget-image\" data-id=\"7d9860e\" data-element_type=\"widget\" data-e-type=\"widget\" data-widget_type=\"image.default\">\n\t\t\t\t<div class=\"elementor-widget-container\">\n\t\t\t\t\t\t\t\t\t\t\t\t\t\t\t\t<a href=\"https:\/\/www.dopamine.ca\/\" target=\"_blank\">\n\t\t\t\t\t\t\t<img decoding=\"async\" src=\"https:\/\/monthlydignity.org\/wp-content\/uploads\/elementor\/thumbs\/Dopamine-qpidz0cc54ka539825zwlqxl4jknbj33qbcgmift7w.png\" title=\"Dopamine\" alt=\"Dopamine\" loading=\"lazy\" \/>\t\t\t\t\t\t\t\t<\/a>\n\t\t\t\t\t\t\t\t\t\t\t\t\t\t\t<\/div>\n\t\t\t\t<\/div>\n\t\t\t\t<\/div>\n\t\t\t\t<div class=\"elementor-element elementor-element-47a0bb3 elementor-widget elementor-widget-heading\" data-id=\"47a0bb3\" data-element_type=\"widget\" data-e-type=\"widget\" data-widget_type=\"heading.default\">\n\t\t\t\t<div class=\"elementor-widget-container\">\n\t\t\t\t\t<h2 class=\"elementor-heading-title elementor-size-default\">Dopamine<\/h2>\t\t\t\t<\/div>\n\t\t\t\t<\/div>\n\t\t\t\t<div class=\"elementor-element elementor-element-9deddd4 elementor-widget elementor-widget-text-editor\" data-id=\"9deddd4\" data-element_type=\"widget\" data-e-type=\"widget\" data-widget_type=\"text-editor.default\">\n\t\t\t\t<div class=\"elementor-widget-container\">\n\t\t\t\t\t\t\t\t\t<p>Dopamine est un organisme communautaire situ\u00e9 dans le quartier Hochelaga-Maisonneuve qui, depuis 1994, a pour mandat d\u2019accueillir, soutenir et accompagner les personnes consommant des drogues, leur entourage et la population en g\u00e9n\u00e9ral du quartier et des secteurs environnants, dans un cadre de pr\u00e9vention du VIH\/Sida, des h\u00e9patites et autres ITSS (infections transmises sexuellement et par le sang). Dopamine applique des strat\u00e9gies d\u2019intervention visant \u00e0 att\u00e9nuer les r\u00e9percussions n\u00e9gatives et les pr\u00e9judices associ\u00e9s au style de vie reli\u00e9 \u00e0 la consommation de psychotropes ainsi qu\u2019aux pr\u00e9jug\u00e9s, mythes et repr\u00e9sentations agissantes aux plans individuel, collectif et soci\u00e9tal.<\/p>\t\t\t\t\t\t\t\t<\/div>\n\t\t\t\t<\/div>\n\t\t\t\t<\/div>\n\t\t<div class=\"elementor-element elementor-element-be567cc e-con-full e-flex e-con e-child\" data-id=\"be567cc\" data-element_type=\"container\" data-e-type=\"container\">\n\t\t<div class=\"elementor-element elementor-element-7a0f0eb e-con-full e-flex e-con e-child\" data-id=\"7a0f0eb\" data-element_type=\"container\" data-e-type=\"container\">\n\t\t\t\t<div class=\"elementor-element elementor-element-9906aab elementor-widget elementor-widget-image\" data-id=\"9906aab\" data-element_type=\"widget\" data-e-type=\"widget\" data-widget_type=\"image.default\">\n\t\t\t\t<div class=\"elementor-widget-container\">\n\t\t\t\t\t\t\t\t\t\t\t\t\t\t\t\t<a href=\"https:\/\/chezstella.org\/\" target=\"_blank\">\n\t\t\t\t\t\t\t<img decoding=\"async\" src=\"https:\/\/monthlydignity.org\/wp-content\/uploads\/elementor\/thumbs\/Chez-Stella-qpidu5ictxwy5mb6f2fapz1umvidjtt12a05d1n1aq.png\" title=\"Chez Stella\" alt=\"Chez Stella\" loading=\"lazy\" \/>\t\t\t\t\t\t\t\t<\/a>\n\t\t\t\t\t\t\t\t\t\t\t\t\t\t\t<\/div>\n\t\t\t\t<\/div>\n\t\t\t\t<\/div>\n\t\t\t\t<div class=\"elementor-element elementor-element-e81bee1 elementor-widget elementor-widget-heading\" data-id=\"e81bee1\" data-element_type=\"widget\" data-e-type=\"widget\" data-widget_type=\"heading.default\">\n\t\t\t\t<div class=\"elementor-widget-container\">\n\t\t\t\t\t<h2 class=\"elementor-heading-title elementor-size-default\">Chez Stella<\/h2>\t\t\t\t<\/div>\n\t\t\t\t<\/div>\n\t\t\t\t<div class=\"elementor-element elementor-element-3f49469 elementor-widget elementor-widget-text-editor\" data-id=\"3f49469\" data-element_type=\"widget\" data-e-type=\"widget\" data-widget_type=\"text-editor.default\">\n\t\t\t\t<div class=\"elementor-widget-container\">\n\t\t\t\t\t\t\t\t\t<p>Stella est un organisme par et pour les travailleuses du sexe \u00e0 Montr\u00e9al qui a comme but d\u2019assurer que les travailleuses du sexe puissent vivre et travailler en sant\u00e9, s\u00e9curit\u00e9 et avec dignit\u00e9.<\/p>\t\t\t\t\t\t\t\t<\/div>\n\t\t\t\t<\/div>\n\t\t\t\t<\/div>\n\t\t<div class=\"elementor-element elementor-element-339661c e-con-full e-flex e-con e-child\" data-id=\"339661c\" data-element_type=\"container\" data-e-type=\"container\">\n\t\t<div class=\"elementor-element elementor-element-717578f e-con-full e-flex e-con e-child\" data-id=\"717578f\" data-element_type=\"container\" data-e-type=\"container\">\n\t\t\t\t<div class=\"elementor-element elementor-element-9513fba elementor-widget elementor-widget-image\" data-id=\"9513fba\" data-element_type=\"widget\" data-e-type=\"widget\" data-widget_type=\"image.default\">\n\t\t\t\t<div class=\"elementor-widget-container\">\n\t\t\t\t\t\t\t\t\t\t\t\t\t\t\t\t<a href=\"https:\/\/pleinmilieu.qc.ca\/\" target=\"_blank\">\n\t\t\t\t\t\t\t<img decoding=\"async\" src=\"https:\/\/monthlydignity.org\/wp-content\/uploads\/elementor\/thumbs\/Plein-Milieu-qpie0iuvhycgbfa9ngd1xntae3q245caluwa55e328.png\" title=\"Plein Milieu\" alt=\"Plein Milieu\" loading=\"lazy\" \/>\t\t\t\t\t\t\t\t<\/a>\n\t\t\t\t\t\t\t\t\t\t\t\t\t\t\t<\/div>\n\t\t\t\t<\/div>\n\t\t\t\t<\/div>\n\t\t\t\t<div class=\"elementor-element elementor-element-b00fc4a elementor-widget elementor-widget-heading\" data-id=\"b00fc4a\" data-element_type=\"widget\" data-e-type=\"widget\" data-widget_type=\"heading.default\">\n\t\t\t\t<div class=\"elementor-widget-container\">\n\t\t\t\t\t<h2 class=\"elementor-heading-title elementor-size-default\">Plein Milieu<\/h2>\t\t\t\t<\/div>\n\t\t\t\t<\/div>\n\t\t\t\t<div class=\"elementor-element elementor-element-14888a6 elementor-widget elementor-widget-text-editor\" data-id=\"14888a6\" data-element_type=\"widget\" data-e-type=\"widget\" data-widget_type=\"text-editor.default\">\n\t\t\t\t<div class=\"elementor-widget-container\">\n\t\t\t\t\t\t\t\t\t<p>Plein Milieu b\u00e2tit des relations de confiance avec les personnes utilisant des drogues, en situation d'itin\u00e9rance ou \u00e0 risque de l'\u00eatre ainsi qu'avec les jeunes de 12 ans et plus, dans une perspective de r\u00e9duction des m\u00e9faits, d'information et de pr\u00e9vention. Plein Milieu les accompagne dans leur parcours vers le mieux-\u00eatre, en facilitant leur acc\u00e8s aux connaissances, aux services et aux soins qui correspondent \u00e0 leurs besoins.<\/p>\t\t\t\t\t\t\t\t<\/div>\n\t\t\t\t<\/div>\n\t\t\t\t<\/div>\n\t\t<div class=\"elementor-element elementor-element-f8dc7cb e-con-full e-flex e-con e-child\" data-id=\"f8dc7cb\" data-element_type=\"container\" data-e-type=\"container\">\n\t\t<div class=\"elementor-element elementor-element-44c27b5 e-con-full e-flex e-con e-child\" data-id=\"44c27b5\" data-element_type=\"container\" data-e-type=\"container\">\n\t\t\t\t<div class=\"elementor-element elementor-element-7c2a296 elementor-widget elementor-widget-image\" data-id=\"7c2a296\" data-element_type=\"widget\" data-e-type=\"widget\" data-widget_type=\"image.default\">\n\t\t\t\t<div class=\"elementor-widget-container\">\n\t\t\t\t\t\t\t\t\t\t\t\t\t\t\t\t<a href=\"https:\/\/femmesdumondecdn.org\" target=\"_blank\">\n\t\t\t\t\t\t\t<img decoding=\"async\" src=\"https:\/\/monthlydignity.org\/wp-content\/uploads\/elementor\/thumbs\/Femmes-du-monde-CDN-qpie1a4anpo875yfsncg4oaot2dkx73r1k3pdl2jc0.png\" title=\"Femmes du monde CDN\" alt=\"Femmes du monde CDN\" loading=\"lazy\" \/>\t\t\t\t\t\t\t\t<\/a>\n\t\t\t\t\t\t\t\t\t\t\t\t\t\t\t<\/div>\n\t\t\t\t<\/div>\n\t\t\t\t<\/div>\n\t\t\t\t<div class=\"elementor-element elementor-element-ecf395c elementor-widget elementor-widget-heading\" data-id=\"ecf395c\" data-element_type=\"widget\" data-e-type=\"widget\" data-widget_type=\"heading.default\">\n\t\t\t\t<div class=\"elementor-widget-container\">\n\t\t\t\t\t<h2 class=\"elementor-heading-title elementor-size-default\">Femmes du monde<\/h2>\t\t\t\t<\/div>\n\t\t\t\t<\/div>\n\t\t\t\t<div class=\"elementor-element elementor-element-d4d8328 elementor-widget elementor-widget-text-editor\" data-id=\"d4d8328\" data-element_type=\"widget\" data-e-type=\"widget\" data-widget_type=\"text-editor.default\">\n\t\t\t\t<div class=\"elementor-widget-container\">\n\t\t\t\t\t\t\t\t\t<p>Femmes du monde \u00e0 C\u00f4te-des-Neiges est un centre de femmes qui a comme mission d\u2019offrir un lieu de rencontre, de solidarit\u00e9, d\u2019entraide, d\u2019\u00e9change et de rapprochement entre femmes. Notre travail a comme objectif de favoriser l\u2019int\u00e9gration de toutes les femmes \u00e0 la communaut\u00e9 et d\u2019encourager leur participation citoyenne. Nous militons pour informer et sensibiliser la population aux conditions de vie des femmes et \u00e0 la d\u00e9fense de leurs droits.<\/p>\t\t\t\t\t\t\t\t<\/div>\n\t\t\t\t<\/div>\n\t\t\t\t<\/div>\n\t\t<div class=\"elementor-element elementor-element-1880244 e-con-full e-flex e-con e-child\" data-id=\"1880244\" data-element_type=\"container\" data-e-type=\"container\">\n\t\t<div class=\"elementor-element elementor-element-39d195e e-con-full e-flex e-con e-child\" data-id=\"39d195e\" data-element_type=\"container\" data-e-type=\"container\">\n\t\t\t\t<div class=\"elementor-element elementor-element-72e46aa elementor-widget elementor-widget-image\" data-id=\"72e46aa\" data-element_type=\"widget\" data-e-type=\"widget\" data-widget_type=\"image.default\">\n\t\t\t\t<div class=\"elementor-widget-container\">\n\t\t\t\t\t\t\t\t\t\t\t\t\t\t\t\t<a href=\"https:\/\/headandhands.ca\" target=\"_blank\">\n\t\t\t\t\t\t\t<img decoding=\"async\" src=\"https:\/\/monthlydignity.org\/wp-content\/uploads\/elementor\/thumbs\/logo-text_fzAvGlZ-r5bs8sv7vjrpetfunc50r7srpk4fqfyx39tc1spv92.png\" title=\"logo-text_fzAvGlZ\" alt=\"logo-text_fzAvGlZ\" loading=\"lazy\" \/>\t\t\t\t\t\t\t\t<\/a>\n\t\t\t\t\t\t\t\t\t\t\t\t\t\t\t<\/div>\n\t\t\t\t<\/div>\n\t\t\t\t<\/div>\n\t\t\t\t<div class=\"elementor-element elementor-element-903b4bb elementor-widget elementor-widget-heading\" data-id=\"903b4bb\" data-element_type=\"widget\" data-e-type=\"widget\" data-widget_type=\"heading.default\">\n\t\t\t\t<div class=\"elementor-widget-container\">\n\t\t\t\t\t<h2 class=\"elementor-heading-title elementor-size-default\">\u00c0 Deux Mains<\/h2>\t\t\t\t<\/div>\n\t\t\t\t<\/div>\n\t\t\t\t<div class=\"elementor-element elementor-element-4502b54 elementor-widget elementor-widget-text-editor\" data-id=\"4502b54\" data-element_type=\"widget\" data-e-type=\"widget\" data-widget_type=\"text-editor.default\">\n\t\t\t\t<div class=\"elementor-widget-container\">\n\t\t\t\t\t\t\t\t\t<p>\u00c0 Deux Mains a pour mission de fournir aux jeunes de 12 \u00e0 25 ans les outils dont iels ont besoin pour prendre des d\u00e9cisions \u00e9clair\u00e9es sur leur bien-\u00eatre physique et mental. Notre approche est pr\u00e9ventive, inclusive, sans jugement et holistique, avec un engagement fondamental \u00e0 fournir un environnement de soutien aux jeunes qui vivent une ou plusieurs marginalisations. Nous cherchons \u00e0 responsabiliser les jeunes et \u00e0 faciliter le changement social. Nos services comprennent : le travail de rue, le counselling, Jeunesse 2000, un programme pour jeunes parents, les services m\u00e9dicaux, les services juridiques, le garde-manger d'urgence et notre programme de b\u00e9n\u00e9volat.<\/p>\t\t\t\t\t\t\t\t<\/div>\n\t\t\t\t<\/div>\n\t\t\t\t<\/div>\n\t\t<div class=\"elementor-element elementor-element-0af6abb e-con-full e-flex e-con e-child\" data-id=\"0af6abb\" data-element_type=\"container\" data-e-type=\"container\">\n\t\t<div class=\"elementor-element elementor-element-0fb0348 e-con-full e-flex e-con e-child\" data-id=\"0fb0348\" data-element_type=\"container\" data-e-type=\"container\">\n\t\t\t\t<div class=\"elementor-element elementor-element-55dfcea elementor-widget elementor-widget-image\" data-id=\"55dfcea\" data-element_type=\"widget\" data-e-type=\"widget\" data-widget_type=\"image.default\">\n\t\t\t\t<div class=\"elementor-widget-container\">\n\t\t\t\t\t\t\t\t\t\t\t\t\t\t\t\t<a href=\"https:\/\/p10.qc.ca\" target=\"_blank\">\n\t\t\t\t\t\t\t<img decoding=\"async\" src=\"https:\/\/monthlydignity.org\/wp-content\/uploads\/elementor\/thumbs\/P10LOGOTRANSPARENT-r5bsfp0ic8wy0tnmty7bcrtfchrgkpktdfr6ffp1q8.png\" title=\"P10LOGOTRANSPARENT\" alt=\"P10LOGOTRANSPARENT\" loading=\"lazy\" \/>\t\t\t\t\t\t\t\t<\/a>\n\t\t\t\t\t\t\t\t\t\t\t\t\t\t\t<\/div>\n\t\t\t\t<\/div>\n\t\t\t\t<\/div>\n\t\t\t\t<div class=\"elementor-element elementor-element-0e7330a elementor-widget elementor-widget-heading\" data-id=\"0e7330a\" data-element_type=\"widget\" data-e-type=\"widget\" data-widget_type=\"heading.default\">\n\t\t\t\t<div class=\"elementor-widget-container\">\n\t\t\t\t\t<h2 class=\"elementor-heading-title elementor-size-default\">P10<\/h2>\t\t\t\t<\/div>\n\t\t\t\t<\/div>\n\t\t\t\t<div class=\"elementor-element elementor-element-6a55b66 elementor-widget elementor-widget-text-editor\" data-id=\"6a55b66\" data-element_type=\"widget\" data-e-type=\"widget\" data-widget_type=\"text-editor.default\">\n\t\t\t\t<div class=\"elementor-widget-container\">\n\t\t\t\t\t\t\t\t\t<p>Projet 10 travaille \u00e0 promouvoir le bien-\u00eatre personnel, social, sexuel et mental des adolescant\u00b7e\u00b7s et des jeunes adultes lesbien\u00b7ne\u00b7s, gais, bisexuel\u00b7le\u00b7s, transgenres, transexuel\u00b7le\u00b7s, bispirituel\u00b7le\u00b7s, inersexes en questionnement \u00e2g\u00e9\u00b7e\u00b7s de 14 \u00e0 25 ans. Gr\u00e2ce \u00e0 la d\u00e9fense des droits, \u00e0 l\u2019\u00e9ducation, et \u00e0 une approche de r\u00e9duction des m\u00e9faits, Projet 10 vise \u00e0 d\u00e9velopper l\u2019autonomisation et l\u2019autod\u00e9termination des jeunes sur les plans individuel, communautaire et institutionnel en priorisant les individus et les groupes qui qui vivent des oppressions multiples et intersectionnelles.<\/p>\t\t\t\t\t\t\t\t<\/div>\n\t\t\t\t<\/div>\n\t\t\t\t<\/div>\n\t\t\t\t\t<\/div>\n\t\t\t\t<\/div>\n\t\t\t\t<\/div>","protected":false},"excerpt":{"rendered":"<p>Community Partners We work with a network of more than 30 amazing community partners, including women\u2019s centres, shelters and day centres serving people experiencing houselessness, domestic violence shelters, organizations serving [&hellip;]<\/p>\n","protected":false},"author":2,"featured_media":0,"parent":0,"menu_order":0,"comment_status":"closed","ping_status":"closed","template":"","meta":{"footnotes":""},"class_list":["post-1568","page","type-page","status-publish","hentry"],"jetpack_sharing_enabled":true,"_links":{"self":[{"href":"https:\/\/monthlydignity.org\/fr\/wp-json\/wp\/v2\/pages\/1568","targetHints":{"allow":["GET"]}}],"collection":[{"href":"https:\/\/monthlydignity.org\/fr\/wp-json\/wp\/v2\/pages"}],"about":[{"href":"https:\/\/monthlydignity.org\/fr\/wp-json\/wp\/v2\/types\/page"}],"author":[{"embeddable":true,"href":"https:\/\/monthlydignity.org\/fr\/wp-json\/wp\/v2\/users\/2"}],"replies":[{"embeddable":true,"href":"https:\/\/monthlydignity.org\/fr\/wp-json\/wp\/v2\/comments?post=1568"}],"version-history":[{"count":3,"href":"https:\/\/monthlydignity.org\/fr\/wp-json\/wp\/v2\/pages\/1568\/revisions"}],"predecessor-version":[{"id":1571,"href":"https:\/\/monthlydignity.org\/fr\/wp-json\/wp\/v2\/pages\/1568\/revisions\/1571"}],"wp:attachment":[{"href":"https:\/\/monthlydignity.org\/fr\/wp-json\/wp\/v2\/media?parent=1568"}],"curies":[{"name":"wp","href":"https:\/\/api.w.org\/{rel}","templated":true}]}}